{"id":3260,"date":"2021-01-25T09:46:01","date_gmt":"2021-01-25T09:46:01","guid":{"rendered":"http:\/\/darrenc11.sg-host.com\/?page_id=3260"},"modified":"2024-03-03T15:26:08","modified_gmt":"2024-03-03T13:26:08","slug":"front-page","status":"publish","type":"page","link":"https:\/\/www.lacolombiereduchateau.com\/de\/","title":{"rendered":"Home"},"content":{"rendered":"<div id='layer_slider_1'  class='avia-layerslider main_color avia-shadow  avia-builder-el-0  el_before_av_section  avia-builder-el-first  container_wrap sidebar_right' style='  height: 701px; max-width: 1900px; margin: 0 auto;' ><\/div>\n<div id='av_section_1'  class='avia-section main_color avia-section-default avia-no-border-styling avia-bg-style-scroll  avia-builder-el-1  el_after_av_layerslider  el_before_av_section  section_opening  container_wrap sidebar_right' style=' '  ><div class='container' ><div class='template-page content  av-content-small alpha units'><div class='post-entry post-entry-type-page post-entry-3260'><div class='entry-content-wrapper clearfix'>\n\n<section class=\"av_textblock_section \"  itemscope=\"itemscope\" itemtype=\"https:\/\/schema.org\/CreativeWork\" ><div class='avia_textblock  '   itemprop=\"text\" ><h1 style=\"text-align: center;\">La Colombi\u00e8re du Ch\u00e2teau<\/h1>\n<div class=\"divider div-transparent div-dot\"><\/div>\n<h4 style=\"text-align: center;\">Charmanter Stil mit gem\u00fctlichem Komfort<\/h4>\n<div class=\"divider div-transparent div-dot\"><\/div>\n<p style=\"text-align: left;\">La Colombi\u00e8re wurde urspr\u00fcnglich im 17. Jahrhundert erbaut und ist ein einzigartiges altes \u201eMas\u201c, wie es hier in der Provence genannt wird.<\/p>\n<p style=\"text-align: left;\">Es wurde liebevoll restauriert und liegt direkt hinter dem Chateau de Saint Laurent inmitten von Olivenhainen und Lavendelfeldern. Der angeschlossene Taubenstall gab dem Geb\u00e4ude seinen Namen und tr\u00e4gt zum Charme dieses traditionellen Bauernhauses der Haute Provence bei.<\/p>\n<p style=\"text-align: left;\">Wir befinden uns mitten im \u201eParc\u00a0Naturel du Verdon\u201c am Rande des kleinen und verschlafenen D\u00f6rfchens von Saint Laurent du Verdon, weit ab von den viel befahrenen Strassen und dem Touristenrummel des Hochsommers, aber dennoch in unmittelbarer N\u00e4he der Hauptattraktionen dieser wundersch\u00f6nen Gegend.<\/p>\n<p style=\"text-align: left;\">Ein kleiner Spaziergang von etwa 1 Kilometer bringt sie direkt an einen der vielen Seen, die zum Schwimmen, Planschen oder auch zum Kanufahren einladen.<\/p>\n<p style=\"text-align: left;\">Sollte Sie die Wanderlust packen, laden abwechslungsreiche Wanderwege zum Erkunden der Nachbarschaft ein.<\/p>\n<p><a class=\"button book\" href=\"\/booking-page\/\">Jetzt buchen<\/a><\/p>\n<\/div><\/section>\n\n<\/div><\/div><\/div><!-- close content main div --><\/div><\/div><div id='av_section_2'  class='avia-section main_color avia-section-default avia-no-border-styling avia-bg-style-scroll  avia-builder-el-4  el_after_av_section  el_before_av_section  section_gallery-row  container_wrap sidebar_right' style=' '  ><div class='container' ><div class='template-page content  av-content-small alpha units'><div class='post-entry post-entry-type-page post-entry-3260'><div class='entry-content-wrapper clearfix'>\n<div id='av-masonry-1' class='av-masonry  noHover av-fixed-size av-large-gap av-hover-overlay-grayscale av-masonry-animation- av-masonry-col-6 av-caption-on-hover av-caption-style-overlay av-masonry-gallery     '  ><div class='av-masonry-container isotope av-js-disabled ' ><div class='av-masonry-entry isotope-item av-masonry-item-no-image '><\/div><a href=\"https:\/\/www.lacolombiereduchateau.com\/wp-content\/uploads\/2020\/07\/20160514-IMG_0977-1030x579.jpeg\" id='av-masonry-1-item-1369' data-av-masonry-item='1369' class='av-masonry-entry isotope-item post-1369 attachment type-attachment status-inherit hentry  av-masonry-item-with-image' title=\"20160514-IMG_0977\"  itemprop=\"thumbnailUrl\" ><div class='av-inner-masonry-sizer'><\/div><figure class='av-inner-masonry main_color'><div class=\"av-masonry-outerimage-container\"><div class=\"av-masonry-image-container\" style=\"background-image: url(https:\/\/www.lacolombiereduchateau.com\/wp-content\/uploads\/2020\/07\/20160514-IMG_0977-705x397.jpeg);\" title=\"20160514-IMG_0977\" ><\/div><\/div><figcaption class='av-inner-masonry-content site-background'><div class='av-inner-masonry-content-pos'><div class='av-inner-masonry-content-pos-content'><div class='avia-arrow'><\/div><div class='av-masonry-entry-content entry-content'  itemprop=\"text\" >Der Taubenschlag<\/div><\/div><\/div><\/figcaption><\/figure><\/a><!--end av-masonry entry--><a href=\"https:\/\/www.lacolombiereduchateau.com\/wp-content\/uploads\/2020\/07\/IMG_2418-1030x579.jpeg\" id='av-masonry-1-item-1332' data-av-masonry-item='1332' class='av-masonry-entry isotope-item post-1332 attachment type-attachment status-inherit hentry  av-masonry-item-with-image' title=\"IMG_2418\"  itemprop=\"thumbnailUrl\" ><div class='av-inner-masonry-sizer'><\/div><figure class='av-inner-masonry main_color'><div class=\"av-masonry-outerimage-container\"><div class=\"av-masonry-image-container\" style=\"background-image: url(https:\/\/www.lacolombiereduchateau.com\/wp-content\/uploads\/2020\/07\/IMG_2418-705x397.jpeg);\" title=\"IMG_2418\" ><\/div><\/div><figcaption class='av-inner-masonry-content site-background'><div class='av-inner-masonry-content-pos'><div class='av-inner-masonry-content-pos-content'><div class='avia-arrow'><\/div><div class='av-masonry-entry-content entry-content'  itemprop=\"text\" >Sitzecke im Innenhof<\/div><\/div><\/div><\/figcaption><\/figure><\/a><!--end av-masonry entry--><a href=\"https:\/\/www.lacolombiereduchateau.com\/wp-content\/uploads\/2021\/01\/IMG_6922-1030x579.jpg\" id='av-masonry-1-item-2196' data-av-masonry-item='2196' class='av-masonry-entry isotope-item post-2196 attachment type-attachment status-inherit hentry  av-masonry-item-with-image' title=\"IMG_6922\"  itemprop=\"thumbnailUrl\" ><div class='av-inner-masonry-sizer'><\/div><figure class='av-inner-masonry main_color'><div class=\"av-masonry-outerimage-container\"><div class=\"av-masonry-image-container\" style=\"background-image: url(https:\/\/www.lacolombiereduchateau.com\/wp-content\/uploads\/2021\/01\/IMG_6922-705x396.jpg);\" title=\"IMG_6922\" ><\/div><\/div><figcaption class='av-inner-masonry-content site-background'><div class='av-inner-masonry-content-pos'><div class='av-inner-masonry-content-pos-content'><div class='avia-arrow'><\/div><div class='av-masonry-entry-content entry-content'  itemprop=\"text\" >Saint Laurent du Verdon<\/div><\/div><\/div><\/figcaption><\/figure><\/a><!--end av-masonry entry--><a href=\"https:\/\/www.lacolombiereduchateau.com\/wp-content\/uploads\/2020\/07\/2016-France-540-1030x579.jpeg\" id='av-masonry-1-item-1329' data-av-masonry-item='1329' class='av-masonry-entry isotope-item post-1329 attachment type-attachment status-inherit hentry  av-masonry-item-with-image' title=\"2016 France 540\"  itemprop=\"thumbnailUrl\" ><div class='av-inner-masonry-sizer'><\/div><figure class='av-inner-masonry main_color'><div class=\"av-masonry-outerimage-container\"><div class=\"av-masonry-image-container\" style=\"background-image: url(https:\/\/www.lacolombiereduchateau.com\/wp-content\/uploads\/2020\/07\/2016-France-540-705x397.jpeg);\" title=\"2016 France 540\" ><\/div><\/div><figcaption class='av-inner-masonry-content site-background'><div class='av-inner-masonry-content-pos'><div class='av-inner-masonry-content-pos-content'><div class='avia-arrow'><\/div><div class='av-masonry-entry-content entry-content'  itemprop=\"text\" >Unser kleiner Garten<\/div><\/div><\/div><\/figcaption><\/figure><\/a><!--end av-masonry entry--><a href=\"https:\/\/www.lacolombiereduchateau.com\/wp-content\/uploads\/2020\/07\/IMG_1762-1030x579.jpeg\" id='av-masonry-1-item-1325' data-av-masonry-item='1325' class='av-masonry-entry isotope-item post-1325 attachment type-attachment status-inherit hentry  av-masonry-item-with-image' title=\"IMG_1762\"  itemprop=\"thumbnailUrl\" ><div class='av-inner-masonry-sizer'><\/div><figure class='av-inner-masonry main_color'><div class=\"av-masonry-outerimage-container\"><div class=\"av-masonry-image-container\" style=\"background-image: url(https:\/\/www.lacolombiereduchateau.com\/wp-content\/uploads\/2020\/07\/IMG_1762-705x397.jpeg);\" title=\"IMG_1762\" ><\/div><\/div><figcaption class='av-inner-masonry-content site-background'><div class='av-inner-masonry-content-pos'><div class='av-inner-masonry-content-pos-content'><div class='avia-arrow'><\/div><div class='av-masonry-entry-content entry-content'  itemprop=\"text\" >Le Pigeonnier Terasse<\/div><\/div><\/div><\/figcaption><\/figure><\/a><!--end av-masonry entry--><a href=\"https:\/\/www.lacolombiereduchateau.com\/wp-content\/uploads\/2020\/07\/2016-France-417-1030x579.jpeg\" id='av-masonry-1-item-1372' data-av-masonry-item='1372' class='av-masonry-entry isotope-item post-1372 attachment type-attachment status-inherit hentry  av-masonry-item-with-image' title=\"2016 France 417\"  itemprop=\"thumbnailUrl\" ><div class='av-inner-masonry-sizer'><\/div><figure class='av-inner-masonry main_color'><div class=\"av-masonry-outerimage-container\"><div class=\"av-masonry-image-container\" style=\"background-image: url(https:\/\/www.lacolombiereduchateau.com\/wp-content\/uploads\/2020\/07\/2016-France-417-705x397.jpeg);\" title=\"2016 France 417\" ><\/div><\/div><figcaption class='av-inner-masonry-content site-background'><div class='av-inner-masonry-content-pos'><div class='av-inner-masonry-content-pos-content'><div class='avia-arrow'><\/div><div class='av-masonry-entry-content entry-content'  itemprop=\"text\" >Innenhof<\/div><\/div><\/div><\/figcaption><\/figure><\/a><!--end av-masonry entry--><\/div><\/div>\n\n<\/div><\/div><\/div><!-- close content main div --><\/div><\/div><div id='av_section_3'  class='avia-section main_color avia-section-default avia-no-border-styling avia-bg-style-fixed  avia-builder-el-6  el_after_av_section  el_before_av_section  section_img-divider homepage-image-no-text  av-minimum-height av-minimum-height-75  container_wrap sidebar_right' style='background-repeat: no-repeat; background-image: url(https:\/\/www.lacolombiereduchateau.com\/wp-content\/uploads\/2021\/01\/18314A75-9BD7-4EAB-8A49-2E597B01E90C_1_105_c.jpg);background-attachment: fixed; background-position: center center;  '  data-section-bg-repeat='no-repeat' data-av_minimum_height_pc='75'><div class='container' ><div class='template-page content  av-content-small alpha units'><div class='post-entry post-entry-type-page post-entry-3260'><div class='entry-content-wrapper clearfix'>\n<div class=\"flex_column av_one_third  flex_column_div av-zero-column-padding first  avia-builder-el-7  el_before_av_two_third  avia-builder-el-first  section_text-on-img \" style='border-radius:0px; '><section class=\"av_textblock_section \"  itemscope=\"itemscope\" itemtype=\"https:\/\/schema.org\/CreativeWork\" ><div class='avia_textblock  av_inherit_color '  style='color:#ffffff; '  itemprop=\"text\" ><p>Entdecken Sie die nat\u00fcrliche Sch\u00f6nheit der Provence und tauchen Sie ein in diese einzigartige Landschaft rund um La Colombi\u00e8re du Ch\u00e2teau.<\/p>\n<\/div><\/section><\/div><div class=\"flex_column av_two_third  flex_column_div av-zero-column-padding   avia-builder-el-9  el_after_av_one_third  avia-builder-el-last  \" style='border-radius:0px; '><\/div>\n\n<\/div><\/div><\/div><!-- close content main div --><\/div><\/div><div id='av_section_4'  class='avia-section main_color avia-section-default avia-no-border-styling avia-bg-style-scroll  avia-builder-el-10  el_after_av_section  el_before_av_section  section_fp-rooms  container_wrap sidebar_right' style=' '  ><div class='container' ><div class='template-page content  av-content-small alpha units'><div class='post-entry post-entry-type-page post-entry-3260'><div class='entry-content-wrapper clearfix'>\n<section class=\"av_textblock_section \"  itemscope=\"itemscope\" itemtype=\"https:\/\/schema.org\/CreativeWork\" ><div class='avia_textblock  '   itemprop=\"text\" ><h1 style=\"text-align: center;\">Ihr Zuhause in der Provence<\/h1>\n<div class=\"divider-1 center\" style=\"text-align: center;\"><\/div>\n<p style=\"text-align: center;\">Bei uns haben Sie die Wahl zwischen<\/p>\n<ul>\n<li style=\"text-align: left;\">einem unserer f\u00fcnf Zimmer hier im<strong> \u201eLa Colombiere\u201c<\/strong><\/li>\n<li style=\"text-align: left;\">Unserer angrenzenden undv\u00f6llig unabh\u00e4ngigen, zweist\u00f6ckigen<strong> Ferienwohnung<\/strong><\/li>\n<li style=\"text-align: left;\">Unserem traditionellen <strong>\u201cv\u00f6llig autarken\u201d Cabanon<\/strong>, welches 30 Minuten entfernt auf dem wundersch\u00f6nen Plateau de Valensole liegt.<\/li>\n<\/ul>\n<\/div><\/section>\n<div   data-autoplay='false'  data-interval='5'  data-animation='fade'  data-show_slide_delay='30'  class='avia-content-slider-element-container avia-content-slider-element-slider avia-content-slider avia-smallarrow-slider avia-content-slider-active avia-content-slider1 avia-content-slider-odd  avia-builder-el-12  el_after_av_textblock  avia-builder-el-last  ' ><div class='avia-smallarrow-slider-heading  no-content-slider-heading '><div class='new-special-heading'>&nbsp;<\/div><div class='avia-slideshow-arrows avia-slideshow-controls'><a href='#prev' class='prev-slide' aria-hidden='true' data-av_icon='\ue87c' data-av_iconfont='entypo-fontello'>Zur\u00fcck<\/a><a href='#next' class='next-slide' aria-hidden='true' data-av_icon='\ue87d' data-av_iconfont='entypo-fontello'>Weiter<\/a><\/div><\/div><div class='avia-content-slider-inner'><div class='slide-entry-wrap'><section class='slide-entry flex_column post-entry slide-entry-overview slide-loop-1 slide-parity-odd  av_fullwidth first'  itemscope=\"itemscope\" itemtype=\"https:\/\/schema.org\/CreativeWork\" ><h3 class='slide-entry-title entry-title '  itemprop=\"headline\" >Le Pigeonnier<\/h3><div class='slide-entry-excerpt entry-content'  itemprop=\"text\" ><div class=\"room\">\n<div class=\"inner\">\n<div class=\"cnt\">\n<h3>Le Pigeonnier<\/h3>\n<div class=\"divider-1\"><\/div>\n<p>Dieses gem\u00fctliche Doppelzimmer wurde im unteren Teil des alten Taubenschlags abseits der anderen Zimmer gebaut. Es verf\u00fcgt \u00fcber einen privaten Eingang sowie eine kleine Terrasse mit Blick auf den Schlossgarten.<\/p>\n<p class=\"buttons-wrap\"><a class=\"button book\" href=\"\/de\/le-pigeonnier\/\">Mehr Info<\/a><\/p>\n<\/div>\n<div class=\"img\" style=\"\/*background-image: url('..\/wp-content\/uploads\/2020\/07\/20200603-DSC00837.jpeg');\"><img decoding=\"async\" style=\"display: table;\" src=\"\/wp-content\/uploads\/2020\/07\/20200603-DSC00837.jpeg\" \/><\/div>\n<\/div>\n<\/div>\n<\/div><\/section><\/div><div class='slide-entry-wrap'><section class='slide-entry flex_column post-entry slide-entry-overview slide-loop-2 slide-parity-odd  av_fullwidth first'  itemscope=\"itemscope\" itemtype=\"https:\/\/schema.org\/CreativeWork\" ><h3 class='slide-entry-title entry-title '  itemprop=\"headline\" >Le Tournesol<\/h3><div class='slide-entry-excerpt entry-content'  itemprop=\"text\" ><div class=\"room\">\n<div class=\"inner\">\n<div class=\"cnt\">\n<h3>Le Tournesol<\/h3>\n<div class=\"divider-1\"><\/div>\n<p>Mit einem zus\u00e4tzlichen Bett ausgestattetes dieses ger\u00e4umige Zimmer f\u00fcr kleine Gruppen oder Familien geeignet.\u00a0Es bietet einen privaten Zugang zu einem kleinen Garten auf der einen Seite und zu einem schattigen Innenhof auf der anderen.<\/p>\n<p class=\"buttons-wrap\">\u00a0<a class=\"button book\" href=\"\/de\/le-tournesol-2\/\">Mehr Info<\/a><\/p>\n<\/div>\n<div class=\"img\" style=\"\/*background-image: url('..\/wp-content\/uploads\/2020\/07\/tournesol-1.jpeg');\"><img decoding=\"async\" style=\"display: table;\" src=\"\/wp-content\/uploads\/2020\/07\/tournesol-1.jpeg\" \/><\/div>\n<\/div>\n<\/div>\n<\/div><\/section><\/div><div class='slide-entry-wrap'><section class='slide-entry flex_column post-entry slide-entry-overview slide-loop-3 slide-parity-odd  av_fullwidth first'  itemscope=\"itemscope\" itemtype=\"https:\/\/schema.org\/CreativeWork\" ><h3 class='slide-entry-title entry-title '  itemprop=\"headline\" >L\u2019Olivier<\/h3><div class='slide-entry-excerpt entry-content'  itemprop=\"text\" ><div class=\"room\">\n<div class=\"inner\">\n<div class=\"cnt\">\n<h3>L&#8217;Olivier<\/h3>\n<div class=\"divider-1\"><\/div>\n<p>Dieses ger\u00e4umige Zimmer befindet sich im ersten Stock und ist mit einem zus\u00e4tzlichen Bett ausgestattet, was es ideal f\u00fcr Gruppen oder Familien mit drei Personen macht. Obwohl es \u00fcber keinen privaten Garten verf\u00fcgt, k\u00f6nnen unsere G\u00e4ste jederzeit einen unserer zahlreichen \u00f6ffentlichen Entspannungsbereiche nutzen.<\/p>\n<p class=\"buttons-wrap\">\u00a0<a class=\"button book\" href=\"\/de\/lolivier\/\">Mehr Info<\/a><\/p>\n<\/div>\n<div class=\"img\" style=\"\/*background-image: url('wp-content\/uploads\/2020\/07\/Olivier-5-1_2-1-1.jpeg');\"><img decoding=\"async\" style=\"display: table;\" src=\"\/wp-content\/uploads\/2020\/07\/Olivier-5-1_2-1-1.jpeg\" \/><\/div>\n<\/div>\n<\/div>\n<\/div><\/section><\/div><div class='slide-entry-wrap'><section class='slide-entry flex_column post-entry slide-entry-overview slide-loop-4 slide-parity-odd  av_fullwidth first'  itemscope=\"itemscope\" itemtype=\"https:\/\/schema.org\/CreativeWork\" ><h3 class='slide-entry-title entry-title '  itemprop=\"headline\" >La Lavende<\/h3><div class='slide-entry-excerpt entry-content'  itemprop=\"text\" ><div class=\"room\">\n<div class=\"inner\">\n<div class=\"cnt\">\n<h3>La Lavende<\/h3>\n<div class=\"divider-1\"><\/div>\n<p>Ein gem\u00fctliches kleines Doppelzimmer mit privatem Zugang zu einem kleinen Garten auf der einen, und einem schattigen Innenhof auf der anderen Seite.<\/p>\n<p class=\"buttons-wrap\">\u00a0<a class=\"button book\" href=\"\/de\/la-lavende\/\">Mehr Info<\/a><\/p>\n<\/div>\n<div class=\"img\" style=\"\/*background-image: url('..\/wp-content\/uploads\/2020\/07\/La-Lavende-1-1.jpeg');\"><img decoding=\"async\" style=\"display: table;\" src=\"\/wp-content\/uploads\/2020\/07\/La-Lavende-1-1.jpeg\" \/><\/div>\n<\/div>\n<\/div>\n<\/div><\/section><\/div><div class='slide-entry-wrap'><section class='slide-entry flex_column post-entry slide-entry-overview slide-loop-5 slide-parity-odd  av_fullwidth first'  itemscope=\"itemscope\" itemtype=\"https:\/\/schema.org\/CreativeWork\" ><h3 class='slide-entry-title entry-title '  itemprop=\"headline\" >Le Coquelicot<\/h3><div class='slide-entry-excerpt entry-content'  itemprop=\"text\" ><div class=\"room\">\n<div class=\"inner\">\n<div class=\"cnt\">\n<h3>Le Coquelicot<\/h3>\n<div class=\"divider-1\"><\/div>\n<p>Ebenfalls \u00a0im ersten Stock befindet sich dieses ger\u00e4umige Zimmer. Es ist mit einem zus\u00e4tzlichen Bett ausgestattet, was es ideal f\u00fcr Gruppen oder Familien mit drei Personen macht. Obwohl es \u00fcber keinen privaten Garten verf\u00fcgt, k\u00f6nnen unsere G\u00e4ste jederzeit einen unserer zahlreichen \u00f6ffentlichen Entspannungsbereiche nutzen.<\/p>\n<p class=\"buttons-wrap\">\u00a0<a class=\"button book\" href=\"\/de\/le-coquelicot\/\">Mehr Info<\/a><\/p>\n<\/div>\n<div class=\"img\" style=\"\/*background-image: url('..\/wp-content\/uploads\/2020\/07\/la-colombiere-1.jpeg');\"><img decoding=\"async\" style=\"display: table;\" src=\"\/wp-content\/uploads\/2020\/07\/la-colombiere-1.jpeg\" \/><\/div>\n<\/div>\n<\/div>\n<\/div><\/section><\/div><div class='slide-entry-wrap'><section class='slide-entry flex_column post-entry slide-entry-overview slide-loop-6 slide-parity-odd  av_fullwidth first'  itemscope=\"itemscope\" itemtype=\"https:\/\/schema.org\/CreativeWork\" ><h3 class='slide-entry-title entry-title '  itemprop=\"headline\" >Eglantine<\/h3><div class='slide-entry-excerpt entry-content'  itemprop=\"text\" ><div class=\"room\">\n<div class=\"inner\">\n<div class=\"cnt\">\n<h3>Die Ferienwohnung &#8222;L&#8217;\u00c9glantine&#8220;<\/h3>\n<div class=\"divider-1\"><\/div>\n<p>\u00dcbernachten Sie in unserer Familienwohnung und entdecken Sie diese wundersch\u00f6ne Gegend auf eigene Faust. Die Wohnung ist Teil unseres Bauernhauses aus dem 17. Jahrhundert und bietet Platz f\u00fcr bis zu 5 Personen auf zwei Etagen. Komplet ausgestattet mit K\u00fcche, Bad sowie Waschk\u00fcche.<br \/>\nEs liegt direkt hinter dem \u201eCh\u00e2teau de Saint Laurent\u201c und nur 2 Autominuten von unserem See entfernt.<\/p>\n<p class=\"buttons-wrap\">\u00a0<a class=\"button book\" href=\"\/de\/leglantine\/\">Mehr Info<\/a><\/p>\n<\/div>\n<div class=\"img\" style=\"\/*background-image: url('..\/wp-content\/uploads\/2020\/07\/IMG_7098.jpeg');\"><img decoding=\"async\" style=\"display: table;\" src=\"\/wp-content\/uploads\/2020\/07\/IMG_7098.jpeg\" \/><\/div>\n<\/div>\n<\/div>\n<\/div><\/section><\/div><div class='slide-entry-wrap'><section class='slide-entry flex_column post-entry slide-entry-overview slide-loop-7 slide-parity-odd  post-entry-last  av_fullwidth first'  itemscope=\"itemscope\" itemtype=\"https:\/\/schema.org\/CreativeWork\" ><h3 class='slide-entry-title entry-title '  itemprop=\"headline\" >Le Cabanon<\/h3><div class='slide-entry-excerpt entry-content'  itemprop=\"text\" ><div class=\"room\">\n<div class=\"inner\">\n<div class=\"cnt\">\n<h3>Der Ziegenstall &#8222;Le Cabanon&#8220;<\/h3>\n<div class=\"divider-1\"><\/div>\n<p>Unser &#8222;Cabanon&#8220; befindet sich 30 Minuten von uns, auf dem Plateau de Valensole in der N\u00e4he des Dorfes Puimoisson und ist \u00fcber 100 Jahre alt. Es besteht aus dicken traditionellen Steinmauern, die in der Sommerhitze eine angenehme, k\u00fchle Temperatur gew\u00e4hrleisten. Es diente urspr\u00fcnglich als Hirtenh\u00fctte und wurde liebevoll wieder aufgebaut. <strong>Es ist v\u00f6llig autark<\/strong> und bietet eine Oase des Wohlbefindens inmitten von Lavendelfeldern.<\/p>\n<p class=\"buttons-wrap\">\u00a0<a class=\"button book\" href=\"\/de\/le-cabanon\/\">Mehr Info<\/a><\/p>\n<\/div>\n<div class=\"img\" style=\"\/*background-image: url('..\/wp-content\/uploads\/2020\/07\/P1000592-1.jpeg');\"><img decoding=\"async\" style=\"display: table;\" src=\"\/wp-content\/uploads\/2020\/07\/P1000592-1.jpeg\" \/><\/div>\n<\/div>\n<\/div>\n<\/div><\/section><\/div><\/div><\/div>\n<\/div><\/div><\/div><!-- close content main div --><\/div><\/div><div id='av_section_5'  class='avia-section main_color avia-section-default avia-no-border-styling avia-bg-style-fixed  avia-builder-el-13  el_after_av_section  el_before_av_section  section_text-on-img homepage-image-no-text  av-minimum-height av-minimum-height-75  container_wrap sidebar_right' style='background-repeat: no-repeat; background-image: url(https:\/\/www.lacolombiereduchateau.com\/wp-content\/uploads\/2020\/07\/La-Lavende-1-1-1500x844.jpeg);background-attachment: fixed; background-position: center center;  '  data-section-bg-repeat='no-repeat' data-av_minimum_height_pc='75'><div class='container' ><div class='template-page content  av-content-small alpha units'><div class='post-entry post-entry-type-page post-entry-3260'><div class='entry-content-wrapper clearfix'><\/p>\n<\/div><\/div><\/div><!-- close content main div --><\/div><\/div><div id='av_section_6'  class='avia-section main_color avia-section-default avia-no-border-styling av-section-color-overlay-active avia-bg-style-scroll  avia-builder-el-14  el_after_av_section  el_before_av_section  bg-overlay-helper  container_wrap sidebar_right' style=' '  ><div class='av-section-color-overlay-wrap'><div class='av-section-color-overlay' style='opacity: 0.9; background-color: #ffffff; '><\/div><div class='container' ><div class='template-page content  av-content-small alpha units'><div class='post-entry post-entry-type-page post-entry-3260'><div class='entry-content-wrapper clearfix'>\n<section class=\"av_textblock_section \"  itemscope=\"itemscope\" itemtype=\"https:\/\/schema.org\/CreativeWork\" ><div class='avia_textblock  '   itemprop=\"text\" ><h1 style=\"text-align: center;\">Alles an einem Platz<\/h1>\n<div class=\"divider-1 center\" style=\"text-align: center;\"><\/div>\n<p>Ein idealer Ort, um die Seele baumeln zu lassen und das Leben in der Provence zu entdecken. Sie werden \u00fcberrascht sein, was wir alles zu bieten haben<\/p>\n<\/div><\/section>\n\n\n<\/div><\/div><\/div><!-- close content main div --><\/div><\/div><\/div><div id='av_section_7'  class='avia-section main_color avia-section-default avia-no-border-styling avia-bg-style-fixed  avia-builder-el-17  el_after_av_section  el_before_av_section  section_text-on-img  av-minimum-height av-minimum-height-75  container_wrap sidebar_right' style='background-repeat: no-repeat; background-image: url(https:\/\/www.lacolombiereduchateau.com\/wp-content\/uploads\/2020\/07\/10511404_10153009589364251_448990951501258716_o.jpeg);background-attachment: fixed; background-position: center center;  '  data-section-bg-repeat='no-repeat' data-av_minimum_height_pc='75'><div class='container' ><div class='template-page content  av-content-small alpha units'><div class='post-entry post-entry-type-page post-entry-3260'><div class='entry-content-wrapper clearfix'>\n<div class=\"flex_column av_three_fifth  flex_column_div av-zero-column-padding first  avia-builder-el-18  el_before_av_two_fifth  avia-builder-el-first  \" style='border-radius:0px; '><\/div><div class=\"flex_column av_two_fifth  flex_column_div av-zero-column-padding   avia-builder-el-19  el_after_av_three_fifth  avia-builder-el-last  \" style='border-radius:0px; '><section class=\"av_textblock_section \"  itemscope=\"itemscope\" itemtype=\"https:\/\/schema.org\/CreativeWork\" ><div class='avia_textblock  '   itemprop=\"text\" ><h2>Ideale Lage<\/h2>\n<div class=\"divider-1\"><\/div>\n<p>Eine perfekte Umgebung f\u00fcr Naturfreunde, Sportenthusiasten oder Geniesser die einfach nur ein gem\u00fctliches Pl\u00e4tzchen zum Ausruhen suchen.<\/p>\n<p>Spazieren, Wandern, Klettern, Radfahren, Reiten, Rafting &amp; Canyoning, Motorradfahren, Golf, oder die malerischen D\u00f6rfchen und deren Sch\u00e4tze erkunden, sind nur einige der vielen Aktivit\u00e4ten, welche Euch hier erwarten.<\/p>\n<p>.<\/p>\n<\/div><\/section><\/div>\n\n<\/div><\/div><\/div><!-- close content main div --><\/div><\/div><div id='av_section_8'  class='avia-section main_color avia-section-default avia-no-border-styling av-section-color-overlay-active avia-bg-style-scroll  avia-builder-el-21  el_after_av_section  el_before_av_section  section_reviews  container_wrap sidebar_right' style=' '  ><div class='av-section-color-overlay-wrap'><div class='av-section-color-overlay' style='opacity: 0.9; background-color: #ffffff; '><\/div><div class='container' ><div class='template-page content  av-content-small alpha units'><div class='post-entry post-entry-type-page post-entry-3260'><div class='entry-content-wrapper clearfix'>\n<section class=\"av_textblock_section \"  itemscope=\"itemscope\" itemtype=\"https:\/\/schema.org\/CreativeWork\" ><div class='avia_textblock  '   itemprop=\"text\" ><h1>Reviews<\/h1>\n<div class=\"divider-1 center\"><\/div>\n<\/div><\/section>\n\n\n<\/div><\/div><\/div><!-- close content main div --><\/div><\/div><\/div><div id='av_section_9'  class='avia-section main_color avia-section-default avia-no-border-styling avia-bg-style-scroll  avia-builder-el-24  el_after_av_section  avia-builder-el-last  section_ig-feed  container_wrap sidebar_right' style=' '  ><div class='container' ><div class='template-page content  av-content-small alpha units'><div class='post-entry post-entry-type-page post-entry-3260'><div class='entry-content-wrapper clearfix'>\n<section class=\"av_textblock_section \"  itemscope=\"itemscope\" itemtype=\"https:\/\/schema.org\/CreativeWork\" ><div class='avia_textblock  '   itemprop=\"text\" ><h1>Instagram updates<\/h1>\n<div class=\"divider-1 center\"><\/div>\n<p>Das Neuste von La Colombieredu Chateau<\/p>\n<\/div><\/section>\n<section class=\"av_textblock_section \"  itemscope=\"itemscope\" itemtype=\"https:\/\/schema.org\/CreativeWork\" ><div class='avia_textblock  '   itemprop=\"text\" ><p><script src=\"https:\/\/apps.elfsight.com\/p\/platform.js\" defer><\/script><\/p>\n<div class=\"elfsight-app-fe80506a-ba7a-40ad-b918-4f036b586a6e\"><\/div>\n<\/div><\/section>\n<\/div><\/div><\/div><!-- close content main div --><\/div><\/div><div id='after_section_9'  class='main_color av_default_container_wrap container_wrap sidebar_right' style=' '  ><div class='container' ><div class='template-page content  av-content-small alpha units'><div class='post-entry post-entry-type-page post-entry-3260'><div class='entry-content-wrapper clearfix'>\n","protected":false},"excerpt":{"rendered":"","protected":false},"author":8,"featured_media":1299,"parent":0,"menu_order":0,"comment_status":"closed","ping_status":"closed","template":"","meta":{"footnotes":""},"class_list":["post-3260","page","type-page","status-publish","has-post-thumbnail","hentry"],"yoast_head":"<!-- This site is optimized with the Yoast SEO plugin v27.4 - https:\/\/yoast.com\/product\/yoast-seo-wordpress\/ -->\n<title>Wo der Lavendel bl\u00fcht - Saint Laurent du Verdon<\/title>\n<meta name=\"description\" content=\"La Colombiere du Chateau liegt im Verdon National Park und ist der ideale Ort um die einzigartige Provence zu entdecken.\" \/>\n<meta name=\"robots\" content=\"index, follow, max-snippet:-1, max-image-preview:large, max-video-preview:-1\" \/>\n<link rel=\"canonical\" href=\"https:\/\/www.lacolombiereduchateau.com\/de\/\" \/>\n<meta property=\"og:locale\" content=\"de_DE\" \/>\n<meta property=\"og:type\" content=\"article\" \/>\n<meta property=\"og:title\" content=\"Wo der Lavendel bl\u00fcht - Saint Laurent du Verdon\" \/>\n<meta property=\"og:description\" content=\"La Colombiere du Chateau liegt im Verdon National Park und ist der ideale Ort um die einzigartige Provence zu entdecken.\" \/>\n<meta property=\"og:url\" content=\"https:\/\/www.lacolombiereduchateau.com\/de\/\" \/>\n<meta property=\"og:site_name\" content=\"La Colombi\u00e8re du Ch\u00e2teau\" \/>\n<meta property=\"article:publisher\" content=\"https:\/\/www.facebook.com\/Lacolombiereduchateau\" \/>\n<meta property=\"article:modified_time\" content=\"2024-03-03T13:26:08+00:00\" \/>\n<meta property=\"og:image\" content=\"https:\/\/www.lacolombiereduchateau.com\/wp-content\/uploads\/2020\/07\/2016-France-394-HDR.jpeg\" \/>\n\t<meta property=\"og:image:width\" content=\"1300\" \/>\n\t<meta property=\"og:image:height\" content=\"867\" \/>\n\t<meta property=\"og:image:type\" content=\"image\/jpeg\" \/>\n<meta name=\"twitter:card\" content=\"summary_large_image\" \/>\n<meta name=\"twitter:label1\" content=\"Gesch\u00e4tzte Lesezeit\" \/>\n\t<meta name=\"twitter:data1\" content=\"9\u00a0Minuten\" \/>\n<script type=\"application\/ld+json\" class=\"yoast-schema-graph\">{\"@context\":\"https:\\\/\\\/schema.org\",\"@graph\":[{\"@type\":\"WebPage\",\"@id\":\"https:\\\/\\\/www.lacolombiereduchateau.com\\\/de\\\/\",\"url\":\"https:\\\/\\\/www.lacolombiereduchateau.com\\\/de\\\/\",\"name\":\"Wo der Lavendel bl\u00fcht - Saint Laurent du Verdon\",\"isPartOf\":{\"@id\":\"https:\\\/\\\/www.lacolombiereduchateau.com\\\/#website\"},\"primaryImageOfPage\":{\"@id\":\"https:\\\/\\\/www.lacolombiereduchateau.com\\\/de\\\/#primaryimage\"},\"image\":{\"@id\":\"https:\\\/\\\/www.lacolombiereduchateau.com\\\/de\\\/#primaryimage\"},\"thumbnailUrl\":\"https:\\\/\\\/www.lacolombiereduchateau.com\\\/wp-content\\\/uploads\\\/2020\\\/07\\\/2016-France-394-HDR.jpeg\",\"datePublished\":\"2021-01-25T09:46:01+00:00\",\"dateModified\":\"2024-03-03T13:26:08+00:00\",\"description\":\"La Colombiere du Chateau liegt im Verdon National Park und ist der ideale Ort um die einzigartige Provence zu entdecken.\",\"breadcrumb\":{\"@id\":\"https:\\\/\\\/www.lacolombiereduchateau.com\\\/de\\\/#breadcrumb\"},\"inLanguage\":\"de\",\"potentialAction\":[{\"@type\":\"ReadAction\",\"target\":[\"https:\\\/\\\/www.lacolombiereduchateau.com\\\/de\\\/\"]}]},{\"@type\":\"ImageObject\",\"inLanguage\":\"de\",\"@id\":\"https:\\\/\\\/www.lacolombiereduchateau.com\\\/de\\\/#primaryimage\",\"url\":\"https:\\\/\\\/www.lacolombiereduchateau.com\\\/wp-content\\\/uploads\\\/2020\\\/07\\\/2016-France-394-HDR.jpeg\",\"contentUrl\":\"https:\\\/\\\/www.lacolombiereduchateau.com\\\/wp-content\\\/uploads\\\/2020\\\/07\\\/2016-France-394-HDR.jpeg\",\"width\":1300,\"height\":867},{\"@type\":\"BreadcrumbList\",\"@id\":\"https:\\\/\\\/www.lacolombiereduchateau.com\\\/de\\\/#breadcrumb\",\"itemListElement\":[{\"@type\":\"ListItem\",\"position\":1,\"name\":\"Home\",\"item\":\"https:\\\/\\\/www.lacolombiereduchateau.com\\\/de\\\/\"},{\"@type\":\"ListItem\",\"position\":2,\"name\":\"Home\"}]},{\"@type\":\"WebSite\",\"@id\":\"https:\\\/\\\/www.lacolombiereduchateau.com\\\/#website\",\"url\":\"https:\\\/\\\/www.lacolombiereduchateau.com\\\/\",\"name\":\"lacolombiereduchateau.com\",\"description\":\"La Colombi\u00e8re du Ch\u00e2teau\",\"publisher\":{\"@id\":\"https:\\\/\\\/www.lacolombiereduchateau.com\\\/#organization\"},\"potentialAction\":[{\"@type\":\"SearchAction\",\"target\":{\"@type\":\"EntryPoint\",\"urlTemplate\":\"https:\\\/\\\/www.lacolombiereduchateau.com\\\/?s={search_term_string}\"},\"query-input\":{\"@type\":\"PropertyValueSpecification\",\"valueRequired\":true,\"valueName\":\"search_term_string\"}}],\"inLanguage\":\"de\"},{\"@type\":\"Organization\",\"@id\":\"https:\\\/\\\/www.lacolombiereduchateau.com\\\/#organization\",\"name\":\"La Colombi\u00e8re du Chateau\",\"url\":\"https:\\\/\\\/www.lacolombiereduchateau.com\\\/\",\"logo\":{\"@type\":\"ImageObject\",\"inLanguage\":\"de\",\"@id\":\"https:\\\/\\\/www.lacolombiereduchateau.com\\\/#\\\/schema\\\/logo\\\/image\\\/\",\"url\":\"https:\\\/\\\/www.lacolombiereduchateau.com\\\/wp-content\\\/uploads\\\/2021\\\/01\\\/Original.png\",\"contentUrl\":\"https:\\\/\\\/www.lacolombiereduchateau.com\\\/wp-content\\\/uploads\\\/2021\\\/01\\\/Original.png\",\"width\":7500,\"height\":7500,\"caption\":\"La Colombi\u00e8re du Chateau\"},\"image\":{\"@id\":\"https:\\\/\\\/www.lacolombiereduchateau.com\\\/#\\\/schema\\\/logo\\\/image\\\/\"},\"sameAs\":[\"https:\\\/\\\/www.facebook.com\\\/Lacolombiereduchateau\",\"https:\\\/\\\/www.instagram.com\\\/lacolombiereduchateau\\\/\"]}]}<\/script>\n<!-- \/ Yoast SEO plugin. -->","yoast_head_json":{"title":"Wo der Lavendel bl\u00fcht - Saint Laurent du Verdon","description":"La Colombiere du Chateau liegt im Verdon National Park und ist der ideale Ort um die einzigartige Provence zu entdecken.","robots":{"index":"index","follow":"follow","max-snippet":"max-snippet:-1","max-image-preview":"max-image-preview:large","max-video-preview":"max-video-preview:-1"},"canonical":"https:\/\/www.lacolombiereduchateau.com\/de\/","og_locale":"de_DE","og_type":"article","og_title":"Wo der Lavendel bl\u00fcht - Saint Laurent du Verdon","og_description":"La Colombiere du Chateau liegt im Verdon National Park und ist der ideale Ort um die einzigartige Provence zu entdecken.","og_url":"https:\/\/www.lacolombiereduchateau.com\/de\/","og_site_name":"La Colombi\u00e8re du Ch\u00e2teau","article_publisher":"https:\/\/www.facebook.com\/Lacolombiereduchateau","article_modified_time":"2024-03-03T13:26:08+00:00","og_image":[{"width":1300,"height":867,"url":"https:\/\/www.lacolombiereduchateau.com\/wp-content\/uploads\/2020\/07\/2016-France-394-HDR.jpeg","type":"image\/jpeg"}],"twitter_card":"summary_large_image","twitter_misc":{"Gesch\u00e4tzte Lesezeit":"9\u00a0Minuten"},"schema":{"@context":"https:\/\/schema.org","@graph":[{"@type":"WebPage","@id":"https:\/\/www.lacolombiereduchateau.com\/de\/","url":"https:\/\/www.lacolombiereduchateau.com\/de\/","name":"Wo der Lavendel bl\u00fcht - Saint Laurent du Verdon","isPartOf":{"@id":"https:\/\/www.lacolombiereduchateau.com\/#website"},"primaryImageOfPage":{"@id":"https:\/\/www.lacolombiereduchateau.com\/de\/#primaryimage"},"image":{"@id":"https:\/\/www.lacolombiereduchateau.com\/de\/#primaryimage"},"thumbnailUrl":"https:\/\/www.lacolombiereduchateau.com\/wp-content\/uploads\/2020\/07\/2016-France-394-HDR.jpeg","datePublished":"2021-01-25T09:46:01+00:00","dateModified":"2024-03-03T13:26:08+00:00","description":"La Colombiere du Chateau liegt im Verdon National Park und ist der ideale Ort um die einzigartige Provence zu entdecken.","breadcrumb":{"@id":"https:\/\/www.lacolombiereduchateau.com\/de\/#breadcrumb"},"inLanguage":"de","potentialAction":[{"@type":"ReadAction","target":["https:\/\/www.lacolombiereduchateau.com\/de\/"]}]},{"@type":"ImageObject","inLanguage":"de","@id":"https:\/\/www.lacolombiereduchateau.com\/de\/#primaryimage","url":"https:\/\/www.lacolombiereduchateau.com\/wp-content\/uploads\/2020\/07\/2016-France-394-HDR.jpeg","contentUrl":"https:\/\/www.lacolombiereduchateau.com\/wp-content\/uploads\/2020\/07\/2016-France-394-HDR.jpeg","width":1300,"height":867},{"@type":"BreadcrumbList","@id":"https:\/\/www.lacolombiereduchateau.com\/de\/#breadcrumb","itemListElement":[{"@type":"ListItem","position":1,"name":"Home","item":"https:\/\/www.lacolombiereduchateau.com\/de\/"},{"@type":"ListItem","position":2,"name":"Home"}]},{"@type":"WebSite","@id":"https:\/\/www.lacolombiereduchateau.com\/#website","url":"https:\/\/www.lacolombiereduchateau.com\/","name":"lacolombiereduchateau.com","description":"La Colombi\u00e8re du Ch\u00e2teau","publisher":{"@id":"https:\/\/www.lacolombiereduchateau.com\/#organization"},"potentialAction":[{"@type":"SearchAction","target":{"@type":"EntryPoint","urlTemplate":"https:\/\/www.lacolombiereduchateau.com\/?s={search_term_string}"},"query-input":{"@type":"PropertyValueSpecification","valueRequired":true,"valueName":"search_term_string"}}],"inLanguage":"de"},{"@type":"Organization","@id":"https:\/\/www.lacolombiereduchateau.com\/#organization","name":"La Colombi\u00e8re du Chateau","url":"https:\/\/www.lacolombiereduchateau.com\/","logo":{"@type":"ImageObject","inLanguage":"de","@id":"https:\/\/www.lacolombiereduchateau.com\/#\/schema\/logo\/image\/","url":"https:\/\/www.lacolombiereduchateau.com\/wp-content\/uploads\/2021\/01\/Original.png","contentUrl":"https:\/\/www.lacolombiereduchateau.com\/wp-content\/uploads\/2021\/01\/Original.png","width":7500,"height":7500,"caption":"La Colombi\u00e8re du Chateau"},"image":{"@id":"https:\/\/www.lacolombiereduchateau.com\/#\/schema\/logo\/image\/"},"sameAs":["https:\/\/www.facebook.com\/Lacolombiereduchateau","https:\/\/www.instagram.com\/lacolombiereduchateau\/"]}]}},"_links":{"self":[{"href":"https:\/\/www.lacolombiereduchateau.com\/de\/wp-json\/wp\/v2\/pages\/3260","targetHints":{"allow":["GET"]}}],"collection":[{"href":"https:\/\/www.lacolombiereduchateau.com\/de\/wp-json\/wp\/v2\/pages"}],"about":[{"href":"https:\/\/www.lacolombiereduchateau.com\/de\/wp-json\/wp\/v2\/types\/page"}],"author":[{"embeddable":true,"href":"https:\/\/www.lacolombiereduchateau.com\/de\/wp-json\/wp\/v2\/users\/8"}],"replies":[{"embeddable":true,"href":"https:\/\/www.lacolombiereduchateau.com\/de\/wp-json\/wp\/v2\/comments?post=3260"}],"version-history":[{"count":48,"href":"https:\/\/www.lacolombiereduchateau.com\/de\/wp-json\/wp\/v2\/pages\/3260\/revisions"}],"predecessor-version":[{"id":5446,"href":"https:\/\/www.lacolombiereduchateau.com\/de\/wp-json\/wp\/v2\/pages\/3260\/revisions\/5446"}],"wp:featuredmedia":[{"embeddable":true,"href":"https:\/\/www.lacolombiereduchateau.com\/de\/wp-json\/wp\/v2\/media\/1299"}],"wp:attachment":[{"href":"https:\/\/www.lacolombiereduchateau.com\/de\/wp-json\/wp\/v2\/media?parent=3260"}],"curies":[{"name":"wp","href":"https:\/\/api.w.org\/{rel}","templated":true}]}}