{"id":3283,"date":"2021-01-25T16:55:43","date_gmt":"2021-01-25T16:55:43","guid":{"rendered":"http:\/\/darrenc11.sg-host.com\/?page_id=3283"},"modified":"2024-08-08T11:57:55","modified_gmt":"2024-08-08T09:57:55","slug":"la-lavende","status":"publish","type":"page","link":"https:\/\/www.lacolombiereduchateau.com\/de\/la-lavende\/","title":{"rendered":"La Lavende"},"content":{"rendered":"<div id='layer_slider_1'  class='avia-layerslider main_color avia-shadow  avia-builder-el-0  el_before_av_section  avia-builder-el-first  container_wrap sidebar_right' style='  height: 701px; max-width: 1900px; margin: 0 auto;' ><\/div>\n<div id='av_section_1'  class='avia-section main_color avia-section-default avia-no-border-styling avia-bg-style-scroll  avia-builder-el-1  el_after_av_layerslider  el_before_av_section  section_opening  container_wrap sidebar_right' style=' '  ><div class='container' ><div class='template-page content  av-content-small alpha units'><div class='post-entry post-entry-type-page post-entry-3283'><div class='entry-content-wrapper clearfix'>\n\n<section class=\"av_textblock_section \"  itemscope=\"itemscope\" itemtype=\"https:\/\/schema.org\/CreativeWork\" ><div class='avia_textblock  '   itemprop=\"text\" ><h1 style=\"text-align: center;\">La Lavende<\/h1>\n<div class=\"divider div-transparent div-dot\" style=\"text-align: center;\"><\/div>\n<p style=\"text-align: center;\">Komfortables Doppelzimmer mit Zugang zum Garten auf der einen Seite und eigenem Eingang zur Anderen<\/p>\n<\/div><\/section>\n\n<\/div><\/div><\/div><!-- close content main div --><\/div><\/div><div id='av_section_2'  class='avia-section main_color avia-section-default avia-no-border-styling avia-bg-style-scroll  avia-builder-el-4  el_after_av_section  el_before_av_section  half_half room-details  container_wrap sidebar_right' style=' '  ><div class='container' ><div class='template-page content  av-content-small alpha units'><div class='post-entry post-entry-type-page post-entry-3283'><div class='entry-content-wrapper clearfix'>\n<div class='flex_column_table av-equal-height-column-flextable -flextable' ><div class=\"flex_column av_one_half  flex_column_table_cell av-equal-height-column av-align-top av-zero-column-padding avia-link-column av-column-link first  avia-builder-el-5  el_before_av_one_half  avia-builder-el-first  img-col \" style='border-radius:0px; ' data-link-column-url=\"http:\/\/wp-content\/uploads\/2020\/07\/20200603-DSC00838.jpeg\" ><a class=\"av-screen-reader-only\" href=http:\/\/wp-content\/uploads\/2020\/07\/20200603-DSC00838.jpeg >Folgen Sie einem manuell hinzugef\u00fcgten Link<\/a><div  class='avia-image-container  av-styling-    avia-builder-el-6  avia-builder-el-no-sibling  avia-align-center '  itemprop=\"image\" itemscope=\"itemscope\" itemtype=\"https:\/\/schema.org\/ImageObject\"  ><div class='avia-image-container-inner'><div class='avia-image-overlay-wrap'><img class='avia_image' src='https:\/\/www.lacolombiereduchateau.com\/wp-content\/uploads\/2021\/01\/la-colombiere-11-579x1030.jpg' alt='' title='la colombiere (11)' height=\"1030\" width=\"579\"  itemprop=\"thumbnailUrl\"  \/><\/div><\/div><\/div><\/div><div class='av-flex-placeholder'><\/div><div class=\"flex_column av_one_half  flex_column_table_cell av-equal-height-column av-align-top av-zero-column-padding   avia-builder-el-7  el_after_av_one_half  avia-builder-el-last  text-col \" style='border-radius:0px; '><section class=\"av_textblock_section \"  itemscope=\"itemscope\" itemtype=\"https:\/\/schema.org\/CreativeWork\" ><div class='avia_textblock  '   itemprop=\"text\" ><h2 style=\"text-align: center;\">&#8222;La Lavende&#8220;<\/h2>\n<div class=\"divider-1\"><\/div>\n<p>Dies ist eines unserer beiden Standardzimmer und liebevoll mit typischen provenzalischen M\u00f6beln eingerichtet. Es bietet zwei private Eing\u00e4nge wovon einer in eine kleine, aber private Gartenecke f\u00fchrt.<br \/>\nZwei bequeme Gartenst\u00fchle mit Gartentisch laden zu einem Picknick oder zum Entspannen ein.<br \/>\nObwohl es eines unserer kleineren Zimmer ist, finden Sie dennoch alle unsere Standardannehmlichkeiten wie Minibar, kostenlose Tee- \/ Kaffeeecke sowie kostenloses WLAN.<br \/>\nIn Ihrem privaten Badezimmer finden Sie auch gratis Duschgel &amp; Shampoo sowie einen Haartrockner.<br \/>\nDieses Zimmer ist mit einem normalen Queensize-Bett, einem Schrank sowie einem kleinen Tisch und St\u00fchlen ausgestattet.<br \/>\nWie in allen anderen R\u00e4umen wird die Raumtemperatur durch traditionelle dicke Steinmauern reguliert, die Sie bei hei\u00dfem Wetter sch\u00f6n k\u00fchl halten.<\/p>\n<h3 style=\"text-align: center;\">Planen Sie Ihren Aufenthalt<\/h3>\n<div class=\"divider-1\"><\/div>\n<p><!--<a class=\"button book\" href=\"#\">Book now<\/a>--><br \/>\n<\/p>\n<\/div><\/section><\/div><\/div><!--close column table wrapper. Autoclose: 1 -->\n\n<\/div><\/div><\/div><!-- close content main div --><\/div><\/div><div id='av_section_3'  class='avia-section main_color avia-section-default avia-no-border-styling avia-bg-style-scroll  avia-builder-el-9  el_after_av_section  el_before_av_section  room-icons  container_wrap sidebar_right' style=' '  ><div class='container' ><div class='template-page content  av-content-small alpha units'><div class='post-entry post-entry-type-page post-entry-3283'><div class='entry-content-wrapper clearfix'>\n\n<\/div><\/div><\/div><!-- close content main div --><\/div><\/div><div id='av_section_4'  class='avia-section main_color avia-section-default avia-no-border-styling avia-bg-style-scroll  avia-builder-el-11  el_after_av_section  el_before_av_codeblock  section_gallery-row  container_wrap sidebar_right' style=' '  ><div class='container' ><div class='template-page content  av-content-small alpha units'><div class='post-entry post-entry-type-page post-entry-3283'><div class='entry-content-wrapper clearfix'>\n<div id='av-masonry-1' class='av-masonry  noHover av-fixed-size av-large-gap av-hover-overlay-grayscale av-masonry-animation- av-masonry-col-5 av-caption-on-hover av-caption-style-overlay av-masonry-gallery     '  ><div class='av-masonry-container isotope av-js-disabled ' ><div class='av-masonry-entry isotope-item av-masonry-item-no-image '><\/div><a href=\"https:\/\/www.lacolombiereduchateau.com\/wp-content\/uploads\/2020\/12\/Lavende-Welcome-2-1030x687.jpeg\" id='av-masonry-1-item-1631' data-av-masonry-item='1631' class='av-masonry-entry isotope-item post-1631 attachment type-attachment status-inherit hentry  av-masonry-item-with-image' title=\"Lavende Welcome 2\"  itemprop=\"thumbnailUrl\" ><div class='av-inner-masonry-sizer'><\/div><figure class='av-inner-masonry main_color'><div class=\"av-masonry-outerimage-container\"><div class=\"av-masonry-image-container\" style=\"background-image: url(https:\/\/www.lacolombiereduchateau.com\/wp-content\/uploads\/2020\/12\/Lavende-Welcome-2-705x470.jpeg);\" title=\"Lavende Welcome 2\" ><\/div><\/div><figcaption class='av-inner-masonry-content site-background'><div class='av-inner-masonry-content-pos'><div class='av-inner-masonry-content-pos-content'><div class='avia-arrow'><\/div><div class='av-masonry-entry-content entry-content'  itemprop=\"text\" >Herzlich Willkommen<\/div><\/div><\/div><\/figcaption><\/figure><\/a><!--end av-masonry entry--><a href=\"https:\/\/www.lacolombiereduchateau.com\/wp-content\/uploads\/2020\/12\/la-colombiere-9-687x1030.jpeg\" id='av-masonry-1-item-1625' data-av-masonry-item='1625' class='av-masonry-entry isotope-item post-1625 attachment type-attachment status-inherit hentry  av-masonry-item-with-image' title=\"la colombiere (9)\"  itemprop=\"thumbnailUrl\" ><div class='av-inner-masonry-sizer'><\/div><figure class='av-inner-masonry main_color'><div class=\"av-masonry-outerimage-container\"><div class=\"av-masonry-image-container\" style=\"background-image: url(https:\/\/www.lacolombiereduchateau.com\/wp-content\/uploads\/2020\/12\/la-colombiere-9-470x705.jpeg);\" title=\"la colombiere (9)\" ><\/div><\/div><figcaption class='av-inner-masonry-content site-background'><div class='av-inner-masonry-content-pos'><div class='av-inner-masonry-content-pos-content'><div class='avia-arrow'><\/div><div class='av-masonry-entry-content entry-content'  itemprop=\"text\" >La Lavende<\/div><\/div><\/div><\/figcaption><\/figure><\/a><!--end av-masonry entry--><a href=\"https:\/\/www.lacolombiereduchateau.com\/wp-content\/uploads\/2020\/07\/IMG_2249-1030x579.jpeg\" id='av-masonry-1-item-1536' data-av-masonry-item='1536' class='av-masonry-entry isotope-item post-1536 attachment type-attachment status-inherit hentry  av-masonry-item-with-image' title=\"IMG_2249\"  itemprop=\"thumbnailUrl\" ><div class='av-inner-masonry-sizer'><\/div><figure class='av-inner-masonry main_color'><div class=\"av-masonry-outerimage-container\"><div class=\"av-masonry-image-container\" style=\"background-image: url(https:\/\/www.lacolombiereduchateau.com\/wp-content\/uploads\/2020\/07\/IMG_2249-705x397.jpeg);\" title=\"IMG_2249\" ><\/div><\/div><figcaption class='av-inner-masonry-content site-background'><div class='av-inner-masonry-content-pos'><div class='av-inner-masonry-content-pos-content'><div class='avia-arrow'><\/div><div class='av-masonry-entry-content entry-content'  itemprop=\"text\" >Saint Laurent du Verdon<\/div><\/div><\/div><\/figcaption><\/figure><\/a><!--end av-masonry entry--><a href=\"https:\/\/www.lacolombiereduchateau.com\/wp-content\/uploads\/2021\/01\/Lavende-Bath-579x1030.jpg\" id='av-masonry-1-item-3038' data-av-masonry-item='3038' class='av-masonry-entry isotope-item post-3038 attachment type-attachment status-inherit hentry  av-masonry-item-with-image' title=\"Lavende Bath\"  itemprop=\"thumbnailUrl\" ><div class='av-inner-masonry-sizer'><\/div><figure class='av-inner-masonry main_color'><div class=\"av-masonry-outerimage-container\"><div class=\"av-masonry-image-container\" style=\"background-image: url(https:\/\/www.lacolombiereduchateau.com\/wp-content\/uploads\/2021\/01\/Lavende-Bath-397x705.jpg);\" title=\"Lavende Bath\" ><\/div><\/div><figcaption class='av-inner-masonry-content site-background'><div class='av-inner-masonry-content-pos'><div class='av-inner-masonry-content-pos-content'><div class='avia-arrow'><\/div><div class='av-masonry-entry-content entry-content'  itemprop=\"text\" >Badezimmert<\/div><\/div><\/div><\/figcaption><\/figure><\/a><!--end av-masonry entry--><a href=\"https:\/\/www.lacolombiereduchateau.com\/wp-content\/uploads\/2020\/08\/IMG_0958-1030x579.jpeg\" id='av-masonry-1-item-1577' data-av-masonry-item='1577' class='av-masonry-entry isotope-item post-1577 attachment type-attachment status-inherit hentry  av-masonry-item-with-image' title=\"IMG_0958\"  itemprop=\"thumbnailUrl\" ><div class='av-inner-masonry-sizer'><\/div><figure class='av-inner-masonry main_color'><div class=\"av-masonry-outerimage-container\"><div class=\"av-masonry-image-container\" style=\"background-image: url(https:\/\/www.lacolombiereduchateau.com\/wp-content\/uploads\/2020\/08\/IMG_0958-705x397.jpeg);\" title=\"IMG_0958\" ><\/div><\/div><figcaption class='av-inner-masonry-content site-background'><div class='av-inner-masonry-content-pos'><div class='av-inner-masonry-content-pos-content'><div class='avia-arrow'><\/div><div class='av-masonry-entry-content entry-content'  itemprop=\"text\" >Private Gartenecke<\/div><\/div><\/div><\/figcaption><\/figure><\/a><!--end av-masonry entry--><\/div><\/div>\n<\/div><\/div><\/div><!-- close content main div --><\/div><\/div><div id='after_section_4'  class='main_color av_default_container_wrap container_wrap sidebar_right' style=' '  ><div class='container' ><div class='template-page content  av-content-small alpha units'><div class='post-entry post-entry-type-page post-entry-3283'><div class='entry-content-wrapper clearfix'><\/p>\n\n","protected":false},"excerpt":{"rendered":"","protected":false},"author":8,"featured_media":1314,"parent":0,"menu_order":0,"comment_status":"closed","ping_status":"closed","template":"","meta":{"footnotes":""},"class_list":["post-3283","page","type-page","status-publish","has-post-thumbnail","hentry"],"yoast_head":"<!-- This site is optimized with the Yoast SEO plugin v27.4 - https:\/\/yoast.com\/product\/yoast-seo-wordpress\/ -->\n<title>Charmante G\u00e4stezimmer und Ferienwohnung in der Provence<\/title>\n<meta name=\"description\" content=\"La Colombiere du Chateau ist ein charmantes Bed &amp; Breakfast im Herzen der Provence, nur wenige Minuten vom Lac St. Croix und den ber\u00fchmten Gorges du Verdon entfernt.\" \/>\n<meta name=\"robots\" content=\"index, follow, max-snippet:-1, max-image-preview:large, max-video-preview:-1\" \/>\n<link rel=\"canonical\" href=\"https:\/\/www.lacolombiereduchateau.com\/de\/la-lavende\/\" \/>\n<meta property=\"og:locale\" content=\"de_DE\" \/>\n<meta property=\"og:type\" content=\"article\" \/>\n<meta property=\"og:title\" content=\"Charmante G\u00e4stezimmer und Ferienwohnung in der Provence\" \/>\n<meta property=\"og:description\" content=\"La Colombiere du Chateau ist ein charmantes Bed &amp; Breakfast im Herzen der Provence, nur wenige Minuten vom Lac St. Croix und den ber\u00fchmten Gorges du Verdon entfernt.\" \/>\n<meta property=\"og:url\" content=\"https:\/\/www.lacolombiereduchateau.com\/de\/la-lavende\/\" \/>\n<meta property=\"og:site_name\" content=\"La Colombi\u00e8re du Ch\u00e2teau\" \/>\n<meta property=\"article:publisher\" content=\"https:\/\/www.facebook.com\/Lacolombiereduchateau\" \/>\n<meta property=\"article:modified_time\" content=\"2024-08-08T09:57:55+00:00\" \/>\n<meta property=\"og:image\" content=\"https:\/\/www.lacolombiereduchateau.com\/wp-content\/uploads\/2020\/07\/La-Lavende-1-1.jpeg\" \/>\n\t<meta property=\"og:image:width\" content=\"1600\" \/>\n\t<meta property=\"og:image:height\" content=\"900\" \/>\n\t<meta property=\"og:image:type\" content=\"image\/jpeg\" \/>\n<meta name=\"twitter:card\" content=\"summary_large_image\" \/>\n<meta name=\"twitter:label1\" content=\"Gesch\u00e4tzte Lesezeit\" \/>\n\t<meta name=\"twitter:data1\" content=\"5\u00a0Minuten\" \/>\n<script type=\"application\/ld+json\" class=\"yoast-schema-graph\">{\"@context\":\"https:\\\/\\\/schema.org\",\"@graph\":[{\"@type\":\"WebPage\",\"@id\":\"https:\\\/\\\/www.lacolombiereduchateau.com\\\/de\\\/la-lavende\\\/\",\"url\":\"https:\\\/\\\/www.lacolombiereduchateau.com\\\/de\\\/la-lavende\\\/\",\"name\":\"Charmante G\u00e4stezimmer und Ferienwohnung in der Provence\",\"isPartOf\":{\"@id\":\"https:\\\/\\\/www.lacolombiereduchateau.com\\\/#website\"},\"primaryImageOfPage\":{\"@id\":\"https:\\\/\\\/www.lacolombiereduchateau.com\\\/de\\\/la-lavende\\\/#primaryimage\"},\"image\":{\"@id\":\"https:\\\/\\\/www.lacolombiereduchateau.com\\\/de\\\/la-lavende\\\/#primaryimage\"},\"thumbnailUrl\":\"https:\\\/\\\/www.lacolombiereduchateau.com\\\/wp-content\\\/uploads\\\/2020\\\/07\\\/La-Lavende-1-1.jpeg\",\"datePublished\":\"2021-01-25T16:55:43+00:00\",\"dateModified\":\"2024-08-08T09:57:55+00:00\",\"description\":\"La Colombiere du Chateau ist ein charmantes Bed & Breakfast im Herzen der Provence, nur wenige Minuten vom Lac St. Croix und den ber\u00fchmten Gorges du Verdon entfernt.\",\"breadcrumb\":{\"@id\":\"https:\\\/\\\/www.lacolombiereduchateau.com\\\/de\\\/la-lavende\\\/#breadcrumb\"},\"inLanguage\":\"de\",\"potentialAction\":[{\"@type\":\"ReadAction\",\"target\":[\"https:\\\/\\\/www.lacolombiereduchateau.com\\\/de\\\/la-lavende\\\/\"]}]},{\"@type\":\"ImageObject\",\"inLanguage\":\"de\",\"@id\":\"https:\\\/\\\/www.lacolombiereduchateau.com\\\/de\\\/la-lavende\\\/#primaryimage\",\"url\":\"https:\\\/\\\/www.lacolombiereduchateau.com\\\/wp-content\\\/uploads\\\/2020\\\/07\\\/La-Lavende-1-1.jpeg\",\"contentUrl\":\"https:\\\/\\\/www.lacolombiereduchateau.com\\\/wp-content\\\/uploads\\\/2020\\\/07\\\/La-Lavende-1-1.jpeg\",\"width\":1600,\"height\":900,\"caption\":\"La Lavende\"},{\"@type\":\"BreadcrumbList\",\"@id\":\"https:\\\/\\\/www.lacolombiereduchateau.com\\\/de\\\/la-lavende\\\/#breadcrumb\",\"itemListElement\":[{\"@type\":\"ListItem\",\"position\":1,\"name\":\"Home\",\"item\":\"https:\\\/\\\/www.lacolombiereduchateau.com\\\/de\\\/\"},{\"@type\":\"ListItem\",\"position\":2,\"name\":\"La Lavende\"}]},{\"@type\":\"WebSite\",\"@id\":\"https:\\\/\\\/www.lacolombiereduchateau.com\\\/#website\",\"url\":\"https:\\\/\\\/www.lacolombiereduchateau.com\\\/\",\"name\":\"lacolombiereduchateau.com\",\"description\":\"La Colombi\u00e8re du Ch\u00e2teau\",\"publisher\":{\"@id\":\"https:\\\/\\\/www.lacolombiereduchateau.com\\\/#organization\"},\"potentialAction\":[{\"@type\":\"SearchAction\",\"target\":{\"@type\":\"EntryPoint\",\"urlTemplate\":\"https:\\\/\\\/www.lacolombiereduchateau.com\\\/?s={search_term_string}\"},\"query-input\":{\"@type\":\"PropertyValueSpecification\",\"valueRequired\":true,\"valueName\":\"search_term_string\"}}],\"inLanguage\":\"de\"},{\"@type\":\"Organization\",\"@id\":\"https:\\\/\\\/www.lacolombiereduchateau.com\\\/#organization\",\"name\":\"La Colombi\u00e8re du Chateau\",\"url\":\"https:\\\/\\\/www.lacolombiereduchateau.com\\\/\",\"logo\":{\"@type\":\"ImageObject\",\"inLanguage\":\"de\",\"@id\":\"https:\\\/\\\/www.lacolombiereduchateau.com\\\/#\\\/schema\\\/logo\\\/image\\\/\",\"url\":\"https:\\\/\\\/www.lacolombiereduchateau.com\\\/wp-content\\\/uploads\\\/2021\\\/01\\\/Original.png\",\"contentUrl\":\"https:\\\/\\\/www.lacolombiereduchateau.com\\\/wp-content\\\/uploads\\\/2021\\\/01\\\/Original.png\",\"width\":7500,\"height\":7500,\"caption\":\"La Colombi\u00e8re du Chateau\"},\"image\":{\"@id\":\"https:\\\/\\\/www.lacolombiereduchateau.com\\\/#\\\/schema\\\/logo\\\/image\\\/\"},\"sameAs\":[\"https:\\\/\\\/www.facebook.com\\\/Lacolombiereduchateau\",\"https:\\\/\\\/www.instagram.com\\\/lacolombiereduchateau\\\/\"]}]}<\/script>\n<!-- \/ Yoast SEO plugin. -->","yoast_head_json":{"title":"Charmante G\u00e4stezimmer und Ferienwohnung in der Provence","description":"La Colombiere du Chateau ist ein charmantes Bed & Breakfast im Herzen der Provence, nur wenige Minuten vom Lac St. Croix und den ber\u00fchmten Gorges du Verdon entfernt.","robots":{"index":"index","follow":"follow","max-snippet":"max-snippet:-1","max-image-preview":"max-image-preview:large","max-video-preview":"max-video-preview:-1"},"canonical":"https:\/\/www.lacolombiereduchateau.com\/de\/la-lavende\/","og_locale":"de_DE","og_type":"article","og_title":"Charmante G\u00e4stezimmer und Ferienwohnung in der Provence","og_description":"La Colombiere du Chateau ist ein charmantes Bed & Breakfast im Herzen der Provence, nur wenige Minuten vom Lac St. Croix und den ber\u00fchmten Gorges du Verdon entfernt.","og_url":"https:\/\/www.lacolombiereduchateau.com\/de\/la-lavende\/","og_site_name":"La Colombi\u00e8re du Ch\u00e2teau","article_publisher":"https:\/\/www.facebook.com\/Lacolombiereduchateau","article_modified_time":"2024-08-08T09:57:55+00:00","og_image":[{"width":1600,"height":900,"url":"https:\/\/www.lacolombiereduchateau.com\/wp-content\/uploads\/2020\/07\/La-Lavende-1-1.jpeg","type":"image\/jpeg"}],"twitter_card":"summary_large_image","twitter_misc":{"Gesch\u00e4tzte Lesezeit":"5\u00a0Minuten"},"schema":{"@context":"https:\/\/schema.org","@graph":[{"@type":"WebPage","@id":"https:\/\/www.lacolombiereduchateau.com\/de\/la-lavende\/","url":"https:\/\/www.lacolombiereduchateau.com\/de\/la-lavende\/","name":"Charmante G\u00e4stezimmer und Ferienwohnung in der Provence","isPartOf":{"@id":"https:\/\/www.lacolombiereduchateau.com\/#website"},"primaryImageOfPage":{"@id":"https:\/\/www.lacolombiereduchateau.com\/de\/la-lavende\/#primaryimage"},"image":{"@id":"https:\/\/www.lacolombiereduchateau.com\/de\/la-lavende\/#primaryimage"},"thumbnailUrl":"https:\/\/www.lacolombiereduchateau.com\/wp-content\/uploads\/2020\/07\/La-Lavende-1-1.jpeg","datePublished":"2021-01-25T16:55:43+00:00","dateModified":"2024-08-08T09:57:55+00:00","description":"La Colombiere du Chateau ist ein charmantes Bed & Breakfast im Herzen der Provence, nur wenige Minuten vom Lac St. Croix und den ber\u00fchmten Gorges du Verdon entfernt.","breadcrumb":{"@id":"https:\/\/www.lacolombiereduchateau.com\/de\/la-lavende\/#breadcrumb"},"inLanguage":"de","potentialAction":[{"@type":"ReadAction","target":["https:\/\/www.lacolombiereduchateau.com\/de\/la-lavende\/"]}]},{"@type":"ImageObject","inLanguage":"de","@id":"https:\/\/www.lacolombiereduchateau.com\/de\/la-lavende\/#primaryimage","url":"https:\/\/www.lacolombiereduchateau.com\/wp-content\/uploads\/2020\/07\/La-Lavende-1-1.jpeg","contentUrl":"https:\/\/www.lacolombiereduchateau.com\/wp-content\/uploads\/2020\/07\/La-Lavende-1-1.jpeg","width":1600,"height":900,"caption":"La Lavende"},{"@type":"BreadcrumbList","@id":"https:\/\/www.lacolombiereduchateau.com\/de\/la-lavende\/#breadcrumb","itemListElement":[{"@type":"ListItem","position":1,"name":"Home","item":"https:\/\/www.lacolombiereduchateau.com\/de\/"},{"@type":"ListItem","position":2,"name":"La Lavende"}]},{"@type":"WebSite","@id":"https:\/\/www.lacolombiereduchateau.com\/#website","url":"https:\/\/www.lacolombiereduchateau.com\/","name":"lacolombiereduchateau.com","description":"La Colombi\u00e8re du Ch\u00e2teau","publisher":{"@id":"https:\/\/www.lacolombiereduchateau.com\/#organization"},"potentialAction":[{"@type":"SearchAction","target":{"@type":"EntryPoint","urlTemplate":"https:\/\/www.lacolombiereduchateau.com\/?s={search_term_string}"},"query-input":{"@type":"PropertyValueSpecification","valueRequired":true,"valueName":"search_term_string"}}],"inLanguage":"de"},{"@type":"Organization","@id":"https:\/\/www.lacolombiereduchateau.com\/#organization","name":"La Colombi\u00e8re du Chateau","url":"https:\/\/www.lacolombiereduchateau.com\/","logo":{"@type":"ImageObject","inLanguage":"de","@id":"https:\/\/www.lacolombiereduchateau.com\/#\/schema\/logo\/image\/","url":"https:\/\/www.lacolombiereduchateau.com\/wp-content\/uploads\/2021\/01\/Original.png","contentUrl":"https:\/\/www.lacolombiereduchateau.com\/wp-content\/uploads\/2021\/01\/Original.png","width":7500,"height":7500,"caption":"La Colombi\u00e8re du Chateau"},"image":{"@id":"https:\/\/www.lacolombiereduchateau.com\/#\/schema\/logo\/image\/"},"sameAs":["https:\/\/www.facebook.com\/Lacolombiereduchateau","https:\/\/www.instagram.com\/lacolombiereduchateau\/"]}]}},"_links":{"self":[{"href":"https:\/\/www.lacolombiereduchateau.com\/de\/wp-json\/wp\/v2\/pages\/3283","targetHints":{"allow":["GET"]}}],"collection":[{"href":"https:\/\/www.lacolombiereduchateau.com\/de\/wp-json\/wp\/v2\/pages"}],"about":[{"href":"https:\/\/www.lacolombiereduchateau.com\/de\/wp-json\/wp\/v2\/types\/page"}],"author":[{"embeddable":true,"href":"https:\/\/www.lacolombiereduchateau.com\/de\/wp-json\/wp\/v2\/users\/8"}],"replies":[{"embeddable":true,"href":"https:\/\/www.lacolombiereduchateau.com\/de\/wp-json\/wp\/v2\/comments?post=3283"}],"version-history":[{"count":13,"href":"https:\/\/www.lacolombiereduchateau.com\/de\/wp-json\/wp\/v2\/pages\/3283\/revisions"}],"predecessor-version":[{"id":5682,"href":"https:\/\/www.lacolombiereduchateau.com\/de\/wp-json\/wp\/v2\/pages\/3283\/revisions\/5682"}],"wp:featuredmedia":[{"embeddable":true,"href":"https:\/\/www.lacolombiereduchateau.com\/de\/wp-json\/wp\/v2\/media\/1314"}],"wp:attachment":[{"href":"https:\/\/www.lacolombiereduchateau.com\/de\/wp-json\/wp\/v2\/media?parent=3283"}],"curies":[{"name":"wp","href":"https:\/\/api.w.org\/{rel}","templated":true}]}}