{"id":3290,"date":"2021-01-25T17:32:04","date_gmt":"2021-01-25T17:32:04","guid":{"rendered":"http:\/\/darrenc11.sg-host.com\/?page_id=3290"},"modified":"2025-04-07T08:05:30","modified_gmt":"2025-04-07T06:05:30","slug":"le-cabanon","status":"publish","type":"page","link":"https:\/\/www.lacolombiereduchateau.com\/de\/le-cabanon\/","title":{"rendered":"Le Cabanon"},"content":{"rendered":"<div id='layer_slider_1'  class='avia-layerslider main_color avia-shadow  avia-builder-el-0  el_before_av_section  avia-builder-el-first  container_wrap sidebar_right' style='  height: 701px; max-width: 1900px; margin: 0 auto;' ><\/div>\n<div id='av_section_1'  class='avia-section main_color avia-section-default avia-no-border-styling avia-bg-style-scroll  avia-builder-el-1  el_after_av_layerslider  el_before_av_section  section_opening  container_wrap sidebar_right' style=' '  ><div class='container' ><div class='template-page content  av-content-small alpha units'><div class='post-entry post-entry-type-page post-entry-3290'><div class='entry-content-wrapper clearfix'>\n\n<section class=\"av_textblock_section \"  itemscope=\"itemscope\" itemtype=\"https:\/\/schema.org\/CreativeWork\" ><div class='avia_textblock  '   itemprop=\"text\" ><h1 style=\"text-align: center;\">Le Cabanon<\/h1>\n<div class=\"divider div-transparent div-dot\" style=\"text-align: left;\"><\/div>\n<p style=\"text-align: center;\">Ankommen, abschalten, Seele baumeln lassen<\/p>\n<\/div><\/section>\n\n<\/div><\/div><\/div><!-- close content main div --><\/div><\/div><div id='av_section_2'  class='avia-section main_color avia-section-default avia-no-border-styling av-section-color-overlay-active avia-bg-style-scroll  avia-builder-el-4  el_after_av_section  el_before_av_section  half_half room-details  container_wrap sidebar_right' style=' '  ><div class='av-section-color-overlay-wrap'><div class='av-section-color-overlay' style='opacity: 0.5; '><\/div><div class='container' ><div class='template-page content  av-content-small alpha units'><div class='post-entry post-entry-type-page post-entry-3290'><div class='entry-content-wrapper clearfix'>\n<div class='flex_column_table av-equal-height-column-flextable -flextable' ><div class=\"flex_column av_one_half  flex_column_table_cell av-equal-height-column av-align-top av-zero-column-padding first  avia-builder-el-5  el_before_av_one_half  avia-builder-el-first  img-col \" style='border-radius:0px; '><div  class='avia-image-container  av-styling-    avia-builder-el-6  avia-builder-el-no-sibling  avia-align-center '  itemprop=\"image\" itemscope=\"itemscope\" itemtype=\"https:\/\/schema.org\/ImageObject\"  ><div class='avia-image-container-inner'><div class='avia-image-overlay-wrap'><img class='avia_image' src='https:\/\/www.lacolombiereduchateau.com\/wp-content\/uploads\/2021\/01\/IMG_2348-1-773x1030.jpg' alt='' title='IMG_2348' height=\"1030\" width=\"773\"  itemprop=\"thumbnailUrl\"  \/><\/div><\/div><\/div><\/div><div class='av-flex-placeholder'><\/div><div class=\"flex_column av_one_half  flex_column_table_cell av-equal-height-column av-align-top av-zero-column-padding   avia-builder-el-7  el_after_av_one_half  avia-builder-el-last  text-col \" style='border-radius:0px; '><section class=\"av_textblock_section \"  itemscope=\"itemscope\" itemtype=\"https:\/\/schema.org\/CreativeWork\" ><div class='avia_textblock  '   itemprop=\"text\" ><h2 style=\"text-align: center;\">&#8222;Le Cabanon&#8220;<\/h2>\n<div class=\"divider-1\"><\/div>\n<p>&#8222;Ville Verte&#8220; ist ein typische provenzalisches &#8222;Cabanon&#8220; mit dicken traditionellen Steinmauern welche in der Sommerhitze f\u00fcr eine angenehm, k\u00fchle Temperatur sorgen. Das Cabanon ist \u00fcber 100 Jahre alt und diente urspr\u00fcnglich als Sch\u00e4ferh\u00fctte. Mit viel Liebe umgebaut, bietet es eine Wohlf\u00fchloase inmitten der Natur.<\/p>\n<p>Im ersten Stock befinden sich zwei Schlafzimmern mit geteilten Bad und WC sowie ein kleines Arbeitszimmer. Eine Waschk\u00fcche befindet sich hinter dem Haus.<\/p>\n<p>Im Erdgeschoss gibt es eine moderne K\u00fcche mit Esszimmer, sowie einem angrenzenden Wohnzimmer mit Terrasse. Zudem gibt es noch einen kleinen Wintergarten welchen man ebenfalls als Esszimmer benutzen kann.<\/p>\n<p>Unser Cabanon ist umgeben von einem 2800m2 grossen Grundst\u00fcck best\u00fcckt mit Oliven-, Kirsch-, Mandel- und Feigenb\u00e4umen. Der s\u00fcdliche Teil bietet ein kleines schattiges Pinienw\u00e4ldchen, mit traumhafter Aussicht auf die Bergkette des Mondenier.<\/p>\n<p>Es wird komplett autark betrieben und liegt inmitten der Natur auf dem ber\u00fchmten Plateau von Valensole.<\/p>\n<p>Das naheliegende Dorf bietet Einkaufsm\u00f6glichkeiten sowie Restaurants.<\/p>\n<p style=\"text-align: center;\">Ansonsten; keine Nachbarn, kein L\u00e4rm nur entspannende Ruhe.<\/p>\n<p><!--<a class=\"button book\" href=\"#\">Book now<\/a>--><\/p>\n<h3 style=\"text-align: center;\">Planen Sie Ihren Aufenthalt<\/h3>\n<div class=\"divider-1\"><\/div>\n\n<\/div><\/section><\/div><\/div><!--close column table wrapper. Autoclose: 1 -->\n\n<\/div><\/div><\/div><!-- close content main div --><\/div><\/div><\/div><div id='av_section_3'  class='avia-section main_color avia-section-default avia-no-border-styling avia-bg-style-scroll  avia-builder-el-9  el_after_av_section  el_before_av_section  room-icons  container_wrap sidebar_right' style=' '  ><div class='container' ><div class='template-page content  av-content-small alpha units'><div class='post-entry post-entry-type-page post-entry-3290'><div class='entry-content-wrapper clearfix'>\n\n<\/div><\/div><\/div><!-- close content main div --><\/div><\/div><div id='av_section_4'  class='avia-section main_color avia-section-default avia-no-border-styling avia-bg-style-scroll  avia-builder-el-11  el_after_av_section  el_before_av_codeblock  section_gallery-row  container_wrap sidebar_right' style=' '  ><div class='container' ><div class='template-page content  av-content-small alpha units'><div class='post-entry post-entry-type-page post-entry-3290'><div class='entry-content-wrapper clearfix'>\n<div id='av-masonry-1' class='av-masonry  noHover av-fixed-size av-large-gap av-hover-overlay-grayscale av-masonry-animation- av-masonry-col-5 av-caption-always av-caption-style- av-masonry-gallery     '  ><div class='av-masonry-container isotope av-js-disabled ' ><div class='av-masonry-entry isotope-item av-masonry-item-no-image '><\/div><a href=\"https:\/\/www.lacolombiereduchateau.com\/wp-content\/uploads\/2021\/01\/IMG_1162-1030x579.jpg\" id='av-masonry-1-item-2398' data-av-masonry-item='2398' class='av-masonry-entry isotope-item post-2398 attachment type-attachment status-inherit hentry  av-masonry-item-with-image' title=\"IMG_1162\"  itemprop=\"thumbnailUrl\" ><div class='av-inner-masonry-sizer'><\/div><figure class='av-inner-masonry main_color'><div class=\"av-masonry-outerimage-container\"><div class=\"av-masonry-image-container\" style=\"background-image: url(https:\/\/www.lacolombiereduchateau.com\/wp-content\/uploads\/2021\/01\/IMG_1162-705x397.jpg);\" title=\"IMG_1162\" ><\/div><\/div><\/figure><\/a><!--end av-masonry entry--><a href=\"https:\/\/www.lacolombiereduchateau.com\/wp-content\/uploads\/2021\/01\/Provence-colours-1030x579.jpeg\" id='av-masonry-1-item-2328' data-av-masonry-item='2328' class='av-masonry-entry isotope-item post-2328 attachment type-attachment status-inherit hentry  av-masonry-item-with-image' title=\"Provence colours\"  itemprop=\"thumbnailUrl\" ><div class='av-inner-masonry-sizer'><\/div><figure class='av-inner-masonry main_color'><div class=\"av-masonry-outerimage-container\"><div class=\"av-masonry-image-container\" style=\"background-image: url(https:\/\/www.lacolombiereduchateau.com\/wp-content\/uploads\/2021\/01\/Provence-colours-705x397.jpeg);\" title=\"Provence colours\" ><\/div><\/div><\/figure><\/a><!--end av-masonry entry--><a href=\"https:\/\/www.lacolombiereduchateau.com\/wp-content\/uploads\/2024\/01\/IMG_0838-1030x579.jpeg\" id='av-masonry-1-item-5310' data-av-masonry-item='5310' class='av-masonry-entry isotope-item post-5310 attachment type-attachment status-inherit hentry  av-masonry-item-with-image' title=\"IMG_0838\"  itemprop=\"thumbnailUrl\" ><div class='av-inner-masonry-sizer'><\/div><figure class='av-inner-masonry main_color'><div class=\"av-masonry-outerimage-container\"><div class=\"av-masonry-image-container\" style=\"background-image: url(https:\/\/www.lacolombiereduchateau.com\/wp-content\/uploads\/2024\/01\/IMG_0838-705x397.jpeg);\" title=\"IMG_0838\" ><\/div><\/div><\/figure><\/a><!--end av-masonry entry--><a href=\"https:\/\/www.lacolombiereduchateau.com\/wp-content\/uploads\/2024\/01\/IMG_1760-1030x579.jpeg\" id='av-masonry-1-item-5331' data-av-masonry-item='5331' class='av-masonry-entry isotope-item post-5331 attachment type-attachment status-inherit hentry  av-masonry-item-with-image' title=\"IMG_1760\"  itemprop=\"thumbnailUrl\" ><div class='av-inner-masonry-sizer'><\/div><figure class='av-inner-masonry main_color'><div class=\"av-masonry-outerimage-container\"><div class=\"av-masonry-image-container\" style=\"background-image: url(https:\/\/www.lacolombiereduchateau.com\/wp-content\/uploads\/2024\/01\/IMG_1760-705x397.jpeg);\" title=\"IMG_1760\" ><\/div><\/div><\/figure><\/a><!--end av-masonry entry--><a href=\"https:\/\/www.lacolombiereduchateau.com\/wp-content\/uploads\/2024\/01\/IMG_1761-1030x579.jpeg\" id='av-masonry-1-item-5337' data-av-masonry-item='5337' class='av-masonry-entry isotope-item post-5337 attachment type-attachment status-inherit hentry  av-masonry-item-with-image' title=\"IMG_1761\"  itemprop=\"thumbnailUrl\" ><div class='av-inner-masonry-sizer'><\/div><figure class='av-inner-masonry main_color'><div class=\"av-masonry-outerimage-container\"><div class=\"av-masonry-image-container\" style=\"background-image: url(https:\/\/www.lacolombiereduchateau.com\/wp-content\/uploads\/2024\/01\/IMG_1761-705x397.jpeg);\" title=\"IMG_1761\" ><\/div><\/div><\/figure><\/a><!--end av-masonry entry--><a href=\"https:\/\/www.lacolombiereduchateau.com\/wp-content\/uploads\/2024\/01\/IMG_2178-1030x579.jpg\" id='av-masonry-1-item-5307' data-av-masonry-item='5307' class='av-masonry-entry isotope-item post-5307 attachment type-attachment status-inherit hentry  av-masonry-item-with-image' title=\"IMG_2178\"  itemprop=\"thumbnailUrl\" ><div class='av-inner-masonry-sizer'><\/div><figure class='av-inner-masonry main_color'><div class=\"av-masonry-outerimage-container\"><div class=\"av-masonry-image-container\" style=\"background-image: url(https:\/\/www.lacolombiereduchateau.com\/wp-content\/uploads\/2024\/01\/IMG_2178-705x397.jpg);\" title=\"IMG_2178\" ><\/div><\/div><\/figure><\/a><!--end av-masonry entry--><a href=\"https:\/\/www.lacolombiereduchateau.com\/wp-content\/uploads\/2024\/01\/IMG_1829-579x1030.jpeg\" id='av-masonry-1-item-5325' data-av-masonry-item='5325' class='av-masonry-entry isotope-item post-5325 attachment type-attachment status-inherit hentry  av-masonry-item-with-image' title=\"IMG_1829\"  itemprop=\"thumbnailUrl\" ><div class='av-inner-masonry-sizer'><\/div><figure class='av-inner-masonry main_color'><div class=\"av-masonry-outerimage-container\"><div class=\"av-masonry-image-container\" style=\"background-image: url(https:\/\/www.lacolombiereduchateau.com\/wp-content\/uploads\/2024\/01\/IMG_1829-397x705.jpeg);\" title=\"IMG_1829\" ><\/div><\/div><\/figure><\/a><!--end av-masonry entry--><a href=\"https:\/\/www.lacolombiereduchateau.com\/wp-content\/uploads\/2021\/01\/IMG_2350-1030x579.jpg\" id='av-masonry-1-item-2251' data-av-masonry-item='2251' class='av-masonry-entry isotope-item post-2251 attachment type-attachment status-inherit hentry  av-masonry-item-with-image' title=\"IMG_2350\"  itemprop=\"thumbnailUrl\" ><div class='av-inner-masonry-sizer'><\/div><figure class='av-inner-masonry main_color'><div class=\"av-masonry-outerimage-container\"><div class=\"av-masonry-image-container\" style=\"background-image: url(https:\/\/www.lacolombiereduchateau.com\/wp-content\/uploads\/2021\/01\/IMG_2350-705x397.jpg);\" title=\"IMG_2350\" ><\/div><\/div><\/figure><\/a><!--end av-masonry entry--><a href=\"https:\/\/www.lacolombiereduchateau.com\/wp-content\/uploads\/2021\/01\/IMG_2356-1030x579.jpg\" id='av-masonry-1-item-2248' data-av-masonry-item='2248' class='av-masonry-entry isotope-item post-2248 attachment type-attachment status-inherit hentry  av-masonry-item-with-image' title=\"IMG_2356\"  itemprop=\"thumbnailUrl\" ><div class='av-inner-masonry-sizer'><\/div><figure class='av-inner-masonry main_color'><div class=\"av-masonry-outerimage-container\"><div class=\"av-masonry-image-container\" style=\"background-image: url(https:\/\/www.lacolombiereduchateau.com\/wp-content\/uploads\/2021\/01\/IMG_2356-705x397.jpg);\" title=\"IMG_2356\" ><\/div><\/div><\/figure><\/a><!--end av-masonry entry--><a href=\"https:\/\/www.lacolombiereduchateau.com\/wp-content\/uploads\/2024\/01\/IMG_2182-1030x579.jpg\" id='av-masonry-1-item-5319' data-av-masonry-item='5319' class='av-masonry-entry isotope-item post-5319 attachment type-attachment status-inherit hentry  av-masonry-item-with-image' title=\"IMG_2182\"  itemprop=\"thumbnailUrl\" ><div class='av-inner-masonry-sizer'><\/div><figure class='av-inner-masonry main_color'><div class=\"av-masonry-outerimage-container\"><div class=\"av-masonry-image-container\" style=\"background-image: url(https:\/\/www.lacolombiereduchateau.com\/wp-content\/uploads\/2024\/01\/IMG_2182-705x397.jpg);\" title=\"IMG_2182\" ><\/div><\/div><\/figure><\/a><!--end av-masonry entry--><\/div><\/div>\n<\/div><\/div><\/div><!-- close content main div --><\/div><\/div><div id='after_section_4'  class='main_color av_default_container_wrap container_wrap sidebar_right' style=' '  ><div class='container' ><div class='template-page content  av-content-small alpha units'><div class='post-entry post-entry-type-page post-entry-3290'><div class='entry-content-wrapper clearfix'><\/p>\n\n","protected":false},"excerpt":{"rendered":"","protected":false},"author":8,"featured_media":1438,"parent":0,"menu_order":0,"comment_status":"closed","ping_status":"closed","template":"","meta":{"footnotes":""},"class_list":["post-3290","page","type-page","status-publish","has-post-thumbnail","hentry"],"yoast_head":"<!-- This site is optimized with the Yoast SEO plugin v27.4 - https:\/\/yoast.com\/product\/yoast-seo-wordpress\/ -->\n<title>Ferienhaus zu vermieten - Lavendel geniessen in der Provence<\/title>\n<meta name=\"description\" content=\"Einfaches, aber gem\u00fctliches Ferienhaus in der Provence. Alleinstehend und komplett autark. Unvergessliche Natur geniessen\" \/>\n<meta name=\"robots\" content=\"index, follow, max-snippet:-1, max-image-preview:large, max-video-preview:-1\" \/>\n<link rel=\"canonical\" href=\"https:\/\/www.lacolombiereduchateau.com\/de\/le-cabanon\/\" \/>\n<meta property=\"og:locale\" content=\"de_DE\" \/>\n<meta property=\"og:type\" content=\"article\" \/>\n<meta property=\"og:title\" content=\"Ferienhaus zu vermieten - Lavendel geniessen in der Provence\" \/>\n<meta property=\"og:description\" content=\"Einfaches, aber gem\u00fctliches Ferienhaus in der Provence. Alleinstehend und komplett autark. Unvergessliche Natur geniessen\" \/>\n<meta property=\"og:url\" content=\"https:\/\/www.lacolombiereduchateau.com\/de\/le-cabanon\/\" \/>\n<meta property=\"og:site_name\" content=\"La Colombi\u00e8re du Ch\u00e2teau\" \/>\n<meta property=\"article:publisher\" content=\"https:\/\/www.facebook.com\/Lacolombiereduchateau\" \/>\n<meta property=\"article:modified_time\" content=\"2025-04-07T06:05:30+00:00\" \/>\n<meta property=\"og:image\" content=\"https:\/\/www.lacolombiereduchateau.com\/wp-content\/uploads\/2020\/07\/P1000592-1.jpeg\" \/>\n\t<meta property=\"og:image:width\" content=\"640\" \/>\n\t<meta property=\"og:image:height\" content=\"360\" \/>\n\t<meta property=\"og:image:type\" content=\"image\/jpeg\" \/>\n<meta name=\"twitter:card\" content=\"summary_large_image\" \/>\n<meta name=\"twitter:label1\" content=\"Gesch\u00e4tzte Lesezeit\" \/>\n\t<meta name=\"twitter:data1\" content=\"5\u00a0Minuten\" \/>\n<script type=\"application\/ld+json\" class=\"yoast-schema-graph\">{\"@context\":\"https:\\\/\\\/schema.org\",\"@graph\":[{\"@type\":\"WebPage\",\"@id\":\"https:\\\/\\\/www.lacolombiereduchateau.com\\\/de\\\/le-cabanon\\\/\",\"url\":\"https:\\\/\\\/www.lacolombiereduchateau.com\\\/de\\\/le-cabanon\\\/\",\"name\":\"Ferienhaus zu vermieten - Lavendel geniessen in der Provence\",\"isPartOf\":{\"@id\":\"https:\\\/\\\/www.lacolombiereduchateau.com\\\/#website\"},\"primaryImageOfPage\":{\"@id\":\"https:\\\/\\\/www.lacolombiereduchateau.com\\\/de\\\/le-cabanon\\\/#primaryimage\"},\"image\":{\"@id\":\"https:\\\/\\\/www.lacolombiereduchateau.com\\\/de\\\/le-cabanon\\\/#primaryimage\"},\"thumbnailUrl\":\"https:\\\/\\\/www.lacolombiereduchateau.com\\\/wp-content\\\/uploads\\\/2020\\\/07\\\/P1000592-1.jpeg\",\"datePublished\":\"2021-01-25T17:32:04+00:00\",\"dateModified\":\"2025-04-07T06:05:30+00:00\",\"description\":\"Einfaches, aber gem\u00fctliches Ferienhaus in der Provence. Alleinstehend und komplett autark. Unvergessliche Natur geniessen\",\"breadcrumb\":{\"@id\":\"https:\\\/\\\/www.lacolombiereduchateau.com\\\/de\\\/le-cabanon\\\/#breadcrumb\"},\"inLanguage\":\"de\",\"potentialAction\":[{\"@type\":\"ReadAction\",\"target\":[\"https:\\\/\\\/www.lacolombiereduchateau.com\\\/de\\\/le-cabanon\\\/\"]}]},{\"@type\":\"ImageObject\",\"inLanguage\":\"de\",\"@id\":\"https:\\\/\\\/www.lacolombiereduchateau.com\\\/de\\\/le-cabanon\\\/#primaryimage\",\"url\":\"https:\\\/\\\/www.lacolombiereduchateau.com\\\/wp-content\\\/uploads\\\/2020\\\/07\\\/P1000592-1.jpeg\",\"contentUrl\":\"https:\\\/\\\/www.lacolombiereduchateau.com\\\/wp-content\\\/uploads\\\/2020\\\/07\\\/P1000592-1.jpeg\",\"width\":640,\"height\":360,\"caption\":\"Heissluftballon \u00fcber unserem Cabanon\"},{\"@type\":\"BreadcrumbList\",\"@id\":\"https:\\\/\\\/www.lacolombiereduchateau.com\\\/de\\\/le-cabanon\\\/#breadcrumb\",\"itemListElement\":[{\"@type\":\"ListItem\",\"position\":1,\"name\":\"Home\",\"item\":\"https:\\\/\\\/www.lacolombiereduchateau.com\\\/de\\\/\"},{\"@type\":\"ListItem\",\"position\":2,\"name\":\"Le Cabanon\"}]},{\"@type\":\"WebSite\",\"@id\":\"https:\\\/\\\/www.lacolombiereduchateau.com\\\/#website\",\"url\":\"https:\\\/\\\/www.lacolombiereduchateau.com\\\/\",\"name\":\"lacolombiereduchateau.com\",\"description\":\"La Colombi\u00e8re du Ch\u00e2teau\",\"publisher\":{\"@id\":\"https:\\\/\\\/www.lacolombiereduchateau.com\\\/#organization\"},\"potentialAction\":[{\"@type\":\"SearchAction\",\"target\":{\"@type\":\"EntryPoint\",\"urlTemplate\":\"https:\\\/\\\/www.lacolombiereduchateau.com\\\/?s={search_term_string}\"},\"query-input\":{\"@type\":\"PropertyValueSpecification\",\"valueRequired\":true,\"valueName\":\"search_term_string\"}}],\"inLanguage\":\"de\"},{\"@type\":\"Organization\",\"@id\":\"https:\\\/\\\/www.lacolombiereduchateau.com\\\/#organization\",\"name\":\"La Colombi\u00e8re du Chateau\",\"url\":\"https:\\\/\\\/www.lacolombiereduchateau.com\\\/\",\"logo\":{\"@type\":\"ImageObject\",\"inLanguage\":\"de\",\"@id\":\"https:\\\/\\\/www.lacolombiereduchateau.com\\\/#\\\/schema\\\/logo\\\/image\\\/\",\"url\":\"https:\\\/\\\/www.lacolombiereduchateau.com\\\/wp-content\\\/uploads\\\/2021\\\/01\\\/Original.png\",\"contentUrl\":\"https:\\\/\\\/www.lacolombiereduchateau.com\\\/wp-content\\\/uploads\\\/2021\\\/01\\\/Original.png\",\"width\":7500,\"height\":7500,\"caption\":\"La Colombi\u00e8re du Chateau\"},\"image\":{\"@id\":\"https:\\\/\\\/www.lacolombiereduchateau.com\\\/#\\\/schema\\\/logo\\\/image\\\/\"},\"sameAs\":[\"https:\\\/\\\/www.facebook.com\\\/Lacolombiereduchateau\",\"https:\\\/\\\/www.instagram.com\\\/lacolombiereduchateau\\\/\"]}]}<\/script>\n<!-- \/ Yoast SEO plugin. -->","yoast_head_json":{"title":"Ferienhaus zu vermieten - Lavendel geniessen in der Provence","description":"Einfaches, aber gem\u00fctliches Ferienhaus in der Provence. Alleinstehend und komplett autark. Unvergessliche Natur geniessen","robots":{"index":"index","follow":"follow","max-snippet":"max-snippet:-1","max-image-preview":"max-image-preview:large","max-video-preview":"max-video-preview:-1"},"canonical":"https:\/\/www.lacolombiereduchateau.com\/de\/le-cabanon\/","og_locale":"de_DE","og_type":"article","og_title":"Ferienhaus zu vermieten - Lavendel geniessen in der Provence","og_description":"Einfaches, aber gem\u00fctliches Ferienhaus in der Provence. Alleinstehend und komplett autark. Unvergessliche Natur geniessen","og_url":"https:\/\/www.lacolombiereduchateau.com\/de\/le-cabanon\/","og_site_name":"La Colombi\u00e8re du Ch\u00e2teau","article_publisher":"https:\/\/www.facebook.com\/Lacolombiereduchateau","article_modified_time":"2025-04-07T06:05:30+00:00","og_image":[{"width":640,"height":360,"url":"https:\/\/www.lacolombiereduchateau.com\/wp-content\/uploads\/2020\/07\/P1000592-1.jpeg","type":"image\/jpeg"}],"twitter_card":"summary_large_image","twitter_misc":{"Gesch\u00e4tzte Lesezeit":"5\u00a0Minuten"},"schema":{"@context":"https:\/\/schema.org","@graph":[{"@type":"WebPage","@id":"https:\/\/www.lacolombiereduchateau.com\/de\/le-cabanon\/","url":"https:\/\/www.lacolombiereduchateau.com\/de\/le-cabanon\/","name":"Ferienhaus zu vermieten - Lavendel geniessen in der Provence","isPartOf":{"@id":"https:\/\/www.lacolombiereduchateau.com\/#website"},"primaryImageOfPage":{"@id":"https:\/\/www.lacolombiereduchateau.com\/de\/le-cabanon\/#primaryimage"},"image":{"@id":"https:\/\/www.lacolombiereduchateau.com\/de\/le-cabanon\/#primaryimage"},"thumbnailUrl":"https:\/\/www.lacolombiereduchateau.com\/wp-content\/uploads\/2020\/07\/P1000592-1.jpeg","datePublished":"2021-01-25T17:32:04+00:00","dateModified":"2025-04-07T06:05:30+00:00","description":"Einfaches, aber gem\u00fctliches Ferienhaus in der Provence. Alleinstehend und komplett autark. Unvergessliche Natur geniessen","breadcrumb":{"@id":"https:\/\/www.lacolombiereduchateau.com\/de\/le-cabanon\/#breadcrumb"},"inLanguage":"de","potentialAction":[{"@type":"ReadAction","target":["https:\/\/www.lacolombiereduchateau.com\/de\/le-cabanon\/"]}]},{"@type":"ImageObject","inLanguage":"de","@id":"https:\/\/www.lacolombiereduchateau.com\/de\/le-cabanon\/#primaryimage","url":"https:\/\/www.lacolombiereduchateau.com\/wp-content\/uploads\/2020\/07\/P1000592-1.jpeg","contentUrl":"https:\/\/www.lacolombiereduchateau.com\/wp-content\/uploads\/2020\/07\/P1000592-1.jpeg","width":640,"height":360,"caption":"Heissluftballon \u00fcber unserem Cabanon"},{"@type":"BreadcrumbList","@id":"https:\/\/www.lacolombiereduchateau.com\/de\/le-cabanon\/#breadcrumb","itemListElement":[{"@type":"ListItem","position":1,"name":"Home","item":"https:\/\/www.lacolombiereduchateau.com\/de\/"},{"@type":"ListItem","position":2,"name":"Le Cabanon"}]},{"@type":"WebSite","@id":"https:\/\/www.lacolombiereduchateau.com\/#website","url":"https:\/\/www.lacolombiereduchateau.com\/","name":"lacolombiereduchateau.com","description":"La Colombi\u00e8re du Ch\u00e2teau","publisher":{"@id":"https:\/\/www.lacolombiereduchateau.com\/#organization"},"potentialAction":[{"@type":"SearchAction","target":{"@type":"EntryPoint","urlTemplate":"https:\/\/www.lacolombiereduchateau.com\/?s={search_term_string}"},"query-input":{"@type":"PropertyValueSpecification","valueRequired":true,"valueName":"search_term_string"}}],"inLanguage":"de"},{"@type":"Organization","@id":"https:\/\/www.lacolombiereduchateau.com\/#organization","name":"La Colombi\u00e8re du Chateau","url":"https:\/\/www.lacolombiereduchateau.com\/","logo":{"@type":"ImageObject","inLanguage":"de","@id":"https:\/\/www.lacolombiereduchateau.com\/#\/schema\/logo\/image\/","url":"https:\/\/www.lacolombiereduchateau.com\/wp-content\/uploads\/2021\/01\/Original.png","contentUrl":"https:\/\/www.lacolombiereduchateau.com\/wp-content\/uploads\/2021\/01\/Original.png","width":7500,"height":7500,"caption":"La Colombi\u00e8re du Chateau"},"image":{"@id":"https:\/\/www.lacolombiereduchateau.com\/#\/schema\/logo\/image\/"},"sameAs":["https:\/\/www.facebook.com\/Lacolombiereduchateau","https:\/\/www.instagram.com\/lacolombiereduchateau\/"]}]}},"_links":{"self":[{"href":"https:\/\/www.lacolombiereduchateau.com\/de\/wp-json\/wp\/v2\/pages\/3290","targetHints":{"allow":["GET"]}}],"collection":[{"href":"https:\/\/www.lacolombiereduchateau.com\/de\/wp-json\/wp\/v2\/pages"}],"about":[{"href":"https:\/\/www.lacolombiereduchateau.com\/de\/wp-json\/wp\/v2\/types\/page"}],"author":[{"embeddable":true,"href":"https:\/\/www.lacolombiereduchateau.com\/de\/wp-json\/wp\/v2\/users\/8"}],"replies":[{"embeddable":true,"href":"https:\/\/www.lacolombiereduchateau.com\/de\/wp-json\/wp\/v2\/comments?post=3290"}],"version-history":[{"count":23,"href":"https:\/\/www.lacolombiereduchateau.com\/de\/wp-json\/wp\/v2\/pages\/3290\/revisions"}],"predecessor-version":[{"id":5744,"href":"https:\/\/www.lacolombiereduchateau.com\/de\/wp-json\/wp\/v2\/pages\/3290\/revisions\/5744"}],"wp:featuredmedia":[{"embeddable":true,"href":"https:\/\/www.lacolombiereduchateau.com\/de\/wp-json\/wp\/v2\/media\/1438"}],"wp:attachment":[{"href":"https:\/\/www.lacolombiereduchateau.com\/de\/wp-json\/wp\/v2\/media?parent=3290"}],"curies":[{"name":"wp","href":"https:\/\/api.w.org\/{rel}","templated":true}]}}