{"id":3339,"date":"2020-01-24T12:36:07","date_gmt":"2020-01-24T12:36:07","guid":{"rendered":"http:\/\/darrenc11.sg-host.com\/about\/"},"modified":"2024-03-03T14:29:04","modified_gmt":"2024-03-03T12:29:04","slug":"about","status":"publish","type":"page","link":"https:\/\/www.lacolombiereduchateau.com\/de\/about\/","title":{"rendered":"About"},"content":{"rendered":"<div id='layer_slider_1'  class='avia-layerslider main_color avia-shadow  avia-builder-el-0  el_before_av_section  avia-builder-el-first  container_wrap sidebar_right' style='  height: 701px; max-width: 1900px; margin: 0 auto;' ><\/div>\n<div id='av_section_1'  class='avia-section main_color avia-section-default avia-no-border-styling avia-bg-style-scroll  avia-builder-el-1  el_after_av_layerslider  el_before_av_section  section_opening  container_wrap sidebar_right' style=' '  ><div class='container' ><div class='template-page content  av-content-small alpha units'><div class='post-entry post-entry-type-page post-entry-3339'><div class='entry-content-wrapper clearfix'>\n\n<section class=\"av_textblock_section \"  itemscope=\"itemscope\" itemtype=\"https:\/\/schema.org\/CreativeWork\" ><div class='avia_textblock  '   itemprop=\"text\" ><h1 style=\"text-align: center;\">La Colombi\u00e9re du Ch\u00e2teau<\/h1>\n<div class=\"divider div-transparent div-dot\"><\/div>\n<p>\u201cLa Colombi\u00e8re du Ch\u00e2teau war f\u00fcr uns \u201cLiebe auf den ersten Blick\u201d. Ein altes traditionelles Geb\u00e4ude mit einer langen und faszinierenden Geschichte. Urspr\u00fcnglich die Stallungen und der Taubenschlag des \u201cCh\u00e2teau de Saint Laurent du Verdon\u201d mit viel Liebe restauriert<\/p>\n<p>Die traditionelle Architektur mit ihren dicken Mauern und dem bezaubernden kleinen Innenhof versprach eine gem\u00fctliche und idyllische Oase f\u00fcr unsere G\u00e4ste und Freunde.<br \/>\nEin gut gepflegtes Schloss direkt vor uns sowie ein wundersch\u00f6ner See in Gehweite bieten eine wundersch\u00f6ne Umgebung. Ganz zu schweigen von den Lavendelfeldern und Olivenhainen, die das Anwesen umgeben.<\/p>\n<p>&#8222;La Colombiere&#8220; ist der ideale Ort um die Seele baumeln zu lassen, Menschen aus aller Welt zu treffen \u00a0und die magische Landschaft der \u201eHaute Provence\u201c zu genie\u00dfen<\/p>\n<\/div><\/section>\n\n<\/div><\/div><\/div><!-- close content main div --><\/div><\/div><div id='av_section_2'  class='avia-section main_color avia-section-default avia-no-border-styling avia-bg-style-scroll  avia-builder-el-4  el_after_av_section  el_before_av_section  section_gallery-row  container_wrap sidebar_right' style=' '  ><div class='container' ><div class='template-page content  av-content-small alpha units'><div class='post-entry post-entry-type-page post-entry-3339'><div class='entry-content-wrapper clearfix'>\n<div id='av-masonry-1' class='av-masonry  noHover av-fixed-size av-large-gap av-hover-overlay-grayscale av-masonry-animation- av-masonry-col-5 av-caption-on-hover av-caption-style-overlay av-masonry-gallery     '  ><div class='av-masonry-container isotope av-js-disabled ' ><div class='av-masonry-entry isotope-item av-masonry-item-no-image '><\/div><a href=\"https:\/\/www.lacolombiereduchateau.com\/wp-content\/uploads\/2020\/07\/20160514-IMG_0977-1030x579.jpeg\" id='av-masonry-1-item-1369' data-av-masonry-item='1369' class='av-masonry-entry isotope-item post-1369 attachment type-attachment status-inherit hentry  av-masonry-item-with-image' title=\"20160514-IMG_0977\"  itemprop=\"thumbnailUrl\" ><div class='av-inner-masonry-sizer'><\/div><figure class='av-inner-masonry main_color'><div class=\"av-masonry-outerimage-container\"><div class=\"av-masonry-image-container\" style=\"background-image: url(https:\/\/www.lacolombiereduchateau.com\/wp-content\/uploads\/2020\/07\/20160514-IMG_0977-705x397.jpeg);\" title=\"20160514-IMG_0977\" ><\/div><\/div><figcaption class='av-inner-masonry-content site-background'><div class='av-inner-masonry-content-pos'><div class='av-inner-masonry-content-pos-content'><div class='avia-arrow'><\/div><div class='av-masonry-entry-content entry-content'  itemprop=\"text\" >Der Taubenschlag<\/div><\/div><\/div><\/figcaption><\/figure><\/a><!--end av-masonry entry--><a href=\"https:\/\/www.lacolombiereduchateau.com\/wp-content\/uploads\/2020\/07\/2016-France-417-1030x579.jpeg\" id='av-masonry-1-item-1372' data-av-masonry-item='1372' class='av-masonry-entry isotope-item post-1372 attachment type-attachment status-inherit hentry  av-masonry-item-with-image' title=\"2016 France 417\"  itemprop=\"thumbnailUrl\" ><div class='av-inner-masonry-sizer'><\/div><figure class='av-inner-masonry main_color'><div class=\"av-masonry-outerimage-container\"><div class=\"av-masonry-image-container\" style=\"background-image: url(https:\/\/www.lacolombiereduchateau.com\/wp-content\/uploads\/2020\/07\/2016-France-417-705x397.jpeg);\" title=\"2016 France 417\" ><\/div><\/div><figcaption class='av-inner-masonry-content site-background'><div class='av-inner-masonry-content-pos'><div class='av-inner-masonry-content-pos-content'><div class='avia-arrow'><\/div><div class='av-masonry-entry-content entry-content'  itemprop=\"text\" >Innenhof<\/div><\/div><\/div><\/figcaption><\/figure><\/a><!--end av-masonry entry--><a href=\"https:\/\/www.lacolombiereduchateau.com\/wp-content\/uploads\/2024\/01\/IMG_0172-1030x796.jpg\" id='av-masonry-1-item-5399' data-av-masonry-item='5399' class='av-masonry-entry isotope-item post-5399 attachment type-attachment status-inherit hentry  av-masonry-item-with-image' title=\"IMG_0172\"  itemprop=\"thumbnailUrl\" ><div class='av-inner-masonry-sizer'><\/div><figure class='av-inner-masonry main_color'><div class=\"av-masonry-outerimage-container\"><div class=\"av-masonry-image-container\" style=\"background-image: url(https:\/\/www.lacolombiereduchateau.com\/wp-content\/uploads\/2024\/01\/IMG_0172-705x545.jpg);\" title=\"IMG_0172\" ><\/div><\/div><figcaption class='av-inner-masonry-content site-background'><div class='av-inner-masonry-content-pos'><div class='av-inner-masonry-content-pos-content'><div class='avia-arrow'><\/div><div class='av-masonry-entry-content entry-content'  itemprop=\"text\" >Die Gastgeber<\/div><\/div><\/div><\/figcaption><\/figure><\/a><!--end av-masonry entry--><a href=\"https:\/\/www.lacolombiereduchateau.com\/wp-content\/uploads\/2020\/07\/2016-France-380-1030x686.jpg\" id='av-masonry-1-item-1231' data-av-masonry-item='1231' class='av-masonry-entry isotope-item post-1231 attachment type-attachment status-inherit hentry  av-masonry-item-with-image' title=\"2016 France 380\"  itemprop=\"thumbnailUrl\" ><div class='av-inner-masonry-sizer'><\/div><figure class='av-inner-masonry main_color'><div class=\"av-masonry-outerimage-container\"><div class=\"av-masonry-image-container\" style=\"background-image: url(https:\/\/www.lacolombiereduchateau.com\/wp-content\/uploads\/2020\/07\/2016-France-380-705x470.jpg);\" title=\"2016 France 380\" ><\/div><\/div><figcaption class='av-inner-masonry-content site-background'><div class='av-inner-masonry-content-pos'><div class='av-inner-masonry-content-pos-content'><div class='avia-arrow'><\/div><div class='av-masonry-entry-content entry-content'  itemprop=\"text\" >Innenhof<\/div><\/div><\/div><\/figcaption><\/figure><\/a><!--end av-masonry entry--><a href=\"https:\/\/www.lacolombiereduchateau.com\/wp-content\/uploads\/2020\/07\/la-colombiere-102-1030x579.jpeg\" id='av-masonry-1-item-1548' data-av-masonry-item='1548' class='av-masonry-entry isotope-item post-1548 attachment type-attachment status-inherit hentry  av-masonry-item-with-image' title=\"la colombiere (102)\"  itemprop=\"thumbnailUrl\" ><div class='av-inner-masonry-sizer'><\/div><figure class='av-inner-masonry main_color'><div class=\"av-masonry-outerimage-container\"><div class=\"av-masonry-image-container\" style=\"background-image: url(https:\/\/www.lacolombiereduchateau.com\/wp-content\/uploads\/2020\/07\/la-colombiere-102-705x397.jpeg);\" title=\"la colombiere (102)\" ><\/div><\/div><figcaption class='av-inner-masonry-content site-background'><div class='av-inner-masonry-content-pos'><div class='av-inner-masonry-content-pos-content'><div class='avia-arrow'><\/div><div class='av-masonry-entry-content entry-content'  itemprop=\"text\" >Der alte Taubenschlag<\/div><\/div><\/div><\/figcaption><\/figure><\/a><!--end av-masonry entry--><a href=\"https:\/\/www.lacolombiereduchateau.com\/wp-content\/uploads\/2020\/07\/la-colombiere-42-1030x579.jpeg\" id='av-masonry-1-item-1322' data-av-masonry-item='1322' class='av-masonry-entry isotope-item post-1322 attachment type-attachment status-inherit hentry  av-masonry-item-with-image' title=\"la colombiere (42)\"  itemprop=\"thumbnailUrl\" ><div class='av-inner-masonry-sizer'><\/div><figure class='av-inner-masonry main_color'><div class=\"av-masonry-outerimage-container\"><div class=\"av-masonry-image-container\" style=\"background-image: url(https:\/\/www.lacolombiereduchateau.com\/wp-content\/uploads\/2020\/07\/la-colombiere-42-705x397.jpeg);\" title=\"la colombiere (42)\" ><\/div><\/div><figcaption class='av-inner-masonry-content site-background'><div class='av-inner-masonry-content-pos'><div class='av-inner-masonry-content-pos-content'><div class='avia-arrow'><\/div><div class='av-masonry-entry-content entry-content'  itemprop=\"text\" >La Colombiere du Chateau<\/div><\/div><\/div><\/figcaption><\/figure><\/a><!--end av-masonry entry--><a href=\"https:\/\/www.lacolombiereduchateau.com\/wp-content\/uploads\/2020\/07\/la-colombiere-51.jpg\" id='av-masonry-1-item-1219' data-av-masonry-item='1219' class='av-masonry-entry isotope-item post-1219 attachment type-attachment status-inherit hentry  av-masonry-item-with-image' title=\"la colombiere (51)\"  itemprop=\"thumbnailUrl\" ><div class='av-inner-masonry-sizer'><\/div><figure class='av-inner-masonry main_color'><div class=\"av-masonry-outerimage-container\"><div class=\"av-masonry-image-container\" style=\"background-image: url(https:\/\/www.lacolombiereduchateau.com\/wp-content\/uploads\/2020\/07\/la-colombiere-51.jpg);\" title=\"la colombiere (51)\" ><\/div><\/div><figcaption class='av-inner-masonry-content site-background'><div class='av-inner-masonry-content-pos'><div class='av-inner-masonry-content-pos-content'><div class='avia-arrow'><\/div><\/div><\/div><\/figcaption><\/figure><\/a><!--end av-masonry entry--><a href=\"https:\/\/www.lacolombiereduchateau.com\/wp-content\/uploads\/2020\/07\/IMG_0248-1030x579.jpeg\" id='av-masonry-1-item-1527' data-av-masonry-item='1527' class='av-masonry-entry isotope-item post-1527 attachment type-attachment status-inherit hentry  av-masonry-item-with-image' title=\"IMG_0248\"  itemprop=\"thumbnailUrl\" ><div class='av-inner-masonry-sizer'><\/div><figure class='av-inner-masonry main_color'><div class=\"av-masonry-outerimage-container\"><div class=\"av-masonry-image-container\" style=\"background-image: url(https:\/\/www.lacolombiereduchateau.com\/wp-content\/uploads\/2020\/07\/IMG_0248-705x397.jpeg);\" title=\"IMG_0248\" ><\/div><\/div><figcaption class='av-inner-masonry-content site-background'><div class='av-inner-masonry-content-pos'><div class='av-inner-masonry-content-pos-content'><div class='avia-arrow'><\/div><div class='av-masonry-entry-content entry-content'  itemprop=\"text\" >Der Winter-Salon<\/div><\/div><\/div><\/figcaption><\/figure><\/a><!--end av-masonry entry--><a href=\"https:\/\/www.lacolombiereduchateau.com\/wp-content\/uploads\/2020\/07\/2016-France-475-HDR-1030x686.jpg\" id='av-masonry-1-item-1243' data-av-masonry-item='1243' class='av-masonry-entry isotope-item post-1243 attachment type-attachment status-inherit hentry  av-masonry-item-with-image' title=\"2016 France 475-HDR\"  itemprop=\"thumbnailUrl\" ><div class='av-inner-masonry-sizer'><\/div><figure class='av-inner-masonry main_color'><div class=\"av-masonry-outerimage-container\"><div class=\"av-masonry-image-container\" style=\"background-image: url(https:\/\/www.lacolombiereduchateau.com\/wp-content\/uploads\/2020\/07\/2016-France-475-HDR-705x470.jpg);\" title=\"2016 France 475-HDR\" ><\/div><\/div><figcaption class='av-inner-masonry-content site-background'><div class='av-inner-masonry-content-pos'><div class='av-inner-masonry-content-pos-content'><div class='avia-arrow'><\/div><div class='av-masonry-entry-content entry-content'  itemprop=\"text\" >Wanderungen vor der Haust\u00fcr<\/div><\/div><\/div><\/figcaption><\/figure><\/a><!--end av-masonry entry--><a href=\"https:\/\/www.lacolombiereduchateau.com\/wp-content\/uploads\/2021\/01\/colombier-1030x579.jpg\" id='av-masonry-1-item-2923' data-av-masonry-item='2923' class='av-masonry-entry isotope-item post-2923 attachment type-attachment status-inherit hentry  av-masonry-item-with-image' title=\"colombier\"  itemprop=\"thumbnailUrl\" ><div class='av-inner-masonry-sizer'><\/div><figure class='av-inner-masonry main_color'><div class=\"av-masonry-outerimage-container\"><div class=\"av-masonry-image-container\" style=\"background-image: url(https:\/\/www.lacolombiereduchateau.com\/wp-content\/uploads\/2021\/01\/colombier-705x397.jpg);\" title=\"colombier\" ><\/div><\/div><figcaption class='av-inner-masonry-content site-background'><div class='av-inner-masonry-content-pos'><div class='av-inner-masonry-content-pos-content'><div class='avia-arrow'><\/div><div class='av-masonry-entry-content entry-content'  itemprop=\"text\" >Blick auf La Colombiere<\/div><\/div><\/div><\/figcaption><\/figure><\/a><!--end av-masonry entry--><\/div><a class='av-masonry-pagination av-masonry-load-more' href='#load-more'  data-ids='1369,1372,5399,1231,1548,1322,1219,1527,1243,2923,2193,3697,3006,2184,2328,3003,1384'  data-action=''  data-link='category'  data-post_type='post, page, attachment, revision, nav_menu_item, custom_css, customize_changeset, oembed_cache, user_request, wp_block, wp_template, wp_template_part, wp_global_styles, wp_navigation, wp_font_family, wp_font_face, wpcode, wpcf7_contact_form, cookielawinfo, hb_accommodation, portfolio, avia_framework_post'  data-items='10'  data-size='fixed'  data-gap='large'  data-overlay_fx='grayscale'  data-animation=''  data-offset='0'  data-container_links='active'  data-container_class='av-masonry-gallery  '  data-paginate='load_more'  data-caption_elements='excerpt'  data-caption_display='on-hover'  data-caption_styling='overlay'  data-wc_prod_visible=''  data-prod_order_by=''  data-prod_order=''  data-sort='no'  data-columns='5'  data-auto_ratio='1.7'  data-set_breadcrumb='1'  data-custom_markup=''  data-query_orderby='date'  data-query_order='DESC'  data-color=''  data-custom_bg=''  data-custom_class=''  data-orientation=''  data-date_filter=''  data-date_filter_start=''  data-date_filter_end=''  data-date_filter_format='yy\/mm\/dd'  data-id=''  data-avno='f6358c87d2'>Mehr laden<\/a><\/div>\n<\/div><\/div><\/div><!-- close content main div --><\/div><\/div><div id='av_section_3'  class='avia-section main_color avia-section-default avia-no-border-styling av-section-color-overlay-active avia-bg-style-scroll  avia-builder-el-6  el_after_av_section  avia-builder-el-last  location-wrap  container_wrap sidebar_right' style=' '  ><div class='av-section-color-overlay-wrap'><div class='av-section-color-overlay' style='opacity: 0.9; background-color: #ffffff; '><\/div><div class='container' ><div class='template-page content  av-content-small alpha units'><div class='post-entry post-entry-type-page post-entry-3339'><div class='entry-content-wrapper clearfix'>\n<div class='flex_column_table av-equal-height-column-flextable -flextable' ><div class=\"flex_column av_three_fifth  flex_column_table_cell av-equal-height-column av-align-middle av-zero-column-padding first  avia-builder-el-7  el_before_av_two_fifth  avia-builder-el-first  text-wrap \" style='border-radius:0px; '><section class=\"av_textblock_section \"  itemscope=\"itemscope\" itemtype=\"https:\/\/schema.org\/CreativeWork\" ><div class='avia_textblock  '   itemprop=\"text\" ><h1>Location<\/h1>\n<div class=\"divider-1\"><\/div>\n<p>Wir sind zwar ein wenig abseits der bekannten Touristenorte aber wenn Sie einen gem\u00fctlichen Ausgangspunkt suchen um die Umgebung zu erkunden, werden Sie schnell feststellen, dass nichts wirklich zu weit von uns entfernt ist.<\/p>\n<p>Der ber\u00fchmte Naturpark und der \u201eGorge du Verdon\u201c mit seiner ungeschliffenen Sch\u00f6nheit, liegt nur eine halbe Stunde n\u00f6rdlich von uns. Tats\u00e4chlich flie\u00dft der \u201cVerdon\u201d nur ein Kilometer an unserem Haus vorbei und bietet mit mehreren kleinen Seen eine willkommene Abk\u00fchlung sowie viel Spass in und auf dem Wasser.<br \/>\nDer Park du Verdon l\u00e4dt zum Erkunden ein. Entweder zu Fu\u00df, mit dem Mountainbike, einem Gleitschirm oder mit dem Auto, um nur einige Beispiele zu nennen.<\/p>\n<p>Auf dem Weg zum Canyon umfahren Sie den unglaublich t\u00fcrkisfarbenen Lac Saint Croix, bevor Sie das romantische Dorf Moustier Saint Marie entdecken. Als eines der sch\u00f6nsten D\u00f6rfer Frankreichs klassiert, ist es ber\u00fchmt f\u00fcr seine lokale Porzellanmalerei (Fayence) und liegt nicht weit von der M\u00fcndung des ber\u00fchmten Canyons \u201eGorge du Verdon\u201c entfernt.<\/p>\n<p>In Richtung S\u00fcden finden Sie sich bereits nach kurzer Zeit in einer v\u00f6llig anderen Landschaft, mit zahlreichen Weinbergen und ihren Dom\u00e4nen, welche zu einer Weindegustation einladen. Die C\u00f4te d&#8217;Azur liegt nur 90 Minuten entfernt<br \/>\nRichtung Westen, noch bevor Sie den Luberon erreichen, erwarten sie traditionelle D\u00f6rfer wie Esparron, Saint Martin de Brome und Greoux les Bains mit seinen Thermalb\u00e4dern.<\/p>\n<p>Wie sie ihren Tag auch gestalten, es ist immer sch\u00f6n in die idyllische Ruhe von \u201cLa Colombi\u00e8re\u201d zur\u00fcckzukehren.<\/p>\n<p>Und wenn sie abends keine Lust mehr haben \u201eausw\u00e4rts\u201c Essen zu gehen, dann setzen sie sich einfach an unseren Tisch und geniessen bei einem verdienten Glas Wein ein gem\u00fctliches Abendessen unter Freunden und Gleichgesinnten.<\/p>\n<\/div><\/section><\/div><div class='av-flex-placeholder'><\/div><div class=\"flex_column av_two_fifth  flex_column_table_cell av-equal-height-column av-align-middle av-zero-column-padding   avia-builder-el-9  el_after_av_three_fifth  avia-builder-el-last  map-wrap \" style='border-radius:0px; '><\/div><\/div><!--close column table wrapper. Autoclose: 1 -->\n<\/div><\/div><\/div><!-- close content main div --><\/div><\/div><\/div><div id='after_section_3'  class='main_color av_default_container_wrap container_wrap sidebar_right' style=' '  ><div class='container' ><div class='template-page content  av-content-small alpha units'><div class='post-entry post-entry-type-page post-entry-3339'><div class='entry-content-wrapper clearfix'><\/p>\n","protected":false},"excerpt":{"rendered":"","protected":false},"author":8,"featured_media":1691,"parent":0,"menu_order":0,"comment_status":"closed","ping_status":"closed","template":"","meta":{"footnotes":""},"class_list":["post-3339","page","type-page","status-publish","has-post-thumbnail","hentry"],"yoast_head":"<!-- This site is optimized with the Yoast SEO plugin v27.4 - https:\/\/yoast.com\/product\/yoast-seo-wordpress\/ -->\n<title>La Colombiere du Chateau - Urlaub in der Provence<\/title>\n<meta name=\"description\" content=\"La Colombi\u00e8re du Ch\u00e2teau ist ein abgelegenes und l\u00e4ndliches B&amp;B, das wahre Ruhe und Entspannung bietet. Es liegt ideal, nur 40 Minuten von der A51 und Manosque entfernt und ist leicht zu erreichen.\" \/>\n<meta name=\"robots\" content=\"index, follow, max-snippet:-1, max-image-preview:large, max-video-preview:-1\" \/>\n<link rel=\"canonical\" href=\"https:\/\/www.lacolombiereduchateau.com\/de\/about\/\" \/>\n<meta property=\"og:locale\" content=\"de_DE\" \/>\n<meta property=\"og:type\" content=\"article\" \/>\n<meta property=\"og:title\" content=\"La Colombiere du Chateau - Urlaub in der Provence\" \/>\n<meta property=\"og:description\" content=\"La Colombi\u00e8re du Ch\u00e2teau ist ein abgelegenes und l\u00e4ndliches B&amp;B, das wahre Ruhe und Entspannung bietet. Es liegt ideal, nur 40 Minuten von der A51 und Manosque entfernt und ist leicht zu erreichen.\" \/>\n<meta property=\"og:url\" content=\"https:\/\/www.lacolombiereduchateau.com\/de\/about\/\" \/>\n<meta property=\"og:site_name\" content=\"La Colombi\u00e8re du Ch\u00e2teau\" \/>\n<meta property=\"article:publisher\" content=\"https:\/\/www.facebook.com\/Lacolombiereduchateau\" \/>\n<meta property=\"article:modified_time\" content=\"2024-03-03T12:29:04+00:00\" \/>\n<meta property=\"og:image\" content=\"https:\/\/www.lacolombiereduchateau.com\/wp-content\/uploads\/2021\/01\/la-colombiere-107.jpeg\" \/>\n\t<meta property=\"og:image:width\" content=\"1600\" \/>\n\t<meta property=\"og:image:height\" content=\"900\" \/>\n\t<meta property=\"og:image:type\" content=\"image\/jpeg\" \/>\n<meta name=\"twitter:card\" content=\"summary_large_image\" \/>\n<meta name=\"twitter:label1\" content=\"Gesch\u00e4tzte Lesezeit\" \/>\n\t<meta name=\"twitter:data1\" content=\"4\u00a0Minuten\" \/>\n<script type=\"application\/ld+json\" class=\"yoast-schema-graph\">{\"@context\":\"https:\\\/\\\/schema.org\",\"@graph\":[{\"@type\":\"WebPage\",\"@id\":\"https:\\\/\\\/www.lacolombiereduchateau.com\\\/de\\\/about\\\/\",\"url\":\"https:\\\/\\\/www.lacolombiereduchateau.com\\\/de\\\/about\\\/\",\"name\":\"La Colombiere du Chateau - Urlaub in der Provence\",\"isPartOf\":{\"@id\":\"https:\\\/\\\/www.lacolombiereduchateau.com\\\/#website\"},\"primaryImageOfPage\":{\"@id\":\"https:\\\/\\\/www.lacolombiereduchateau.com\\\/de\\\/about\\\/#primaryimage\"},\"image\":{\"@id\":\"https:\\\/\\\/www.lacolombiereduchateau.com\\\/de\\\/about\\\/#primaryimage\"},\"thumbnailUrl\":\"https:\\\/\\\/www.lacolombiereduchateau.com\\\/wp-content\\\/uploads\\\/2021\\\/01\\\/la-colombiere-107.jpeg\",\"datePublished\":\"2020-01-24T12:36:07+00:00\",\"dateModified\":\"2024-03-03T12:29:04+00:00\",\"description\":\"La Colombi\u00e8re du Ch\u00e2teau ist ein abgelegenes und l\u00e4ndliches B&B, das wahre Ruhe und Entspannung bietet. Es liegt ideal, nur 40 Minuten von der A51 und Manosque entfernt und ist leicht zu erreichen.\",\"breadcrumb\":{\"@id\":\"https:\\\/\\\/www.lacolombiereduchateau.com\\\/de\\\/about\\\/#breadcrumb\"},\"inLanguage\":\"de\",\"potentialAction\":[{\"@type\":\"ReadAction\",\"target\":[\"https:\\\/\\\/www.lacolombiereduchateau.com\\\/de\\\/about\\\/\"]}]},{\"@type\":\"ImageObject\",\"inLanguage\":\"de\",\"@id\":\"https:\\\/\\\/www.lacolombiereduchateau.com\\\/de\\\/about\\\/#primaryimage\",\"url\":\"https:\\\/\\\/www.lacolombiereduchateau.com\\\/wp-content\\\/uploads\\\/2021\\\/01\\\/la-colombiere-107.jpeg\",\"contentUrl\":\"https:\\\/\\\/www.lacolombiereduchateau.com\\\/wp-content\\\/uploads\\\/2021\\\/01\\\/la-colombiere-107.jpeg\",\"width\":1600,\"height\":900,\"caption\":\"La Colombiere du Chateau\"},{\"@type\":\"BreadcrumbList\",\"@id\":\"https:\\\/\\\/www.lacolombiereduchateau.com\\\/de\\\/about\\\/#breadcrumb\",\"itemListElement\":[{\"@type\":\"ListItem\",\"position\":1,\"name\":\"Home\",\"item\":\"https:\\\/\\\/www.lacolombiereduchateau.com\\\/de\\\/\"},{\"@type\":\"ListItem\",\"position\":2,\"name\":\"About\"}]},{\"@type\":\"WebSite\",\"@id\":\"https:\\\/\\\/www.lacolombiereduchateau.com\\\/#website\",\"url\":\"https:\\\/\\\/www.lacolombiereduchateau.com\\\/\",\"name\":\"lacolombiereduchateau.com\",\"description\":\"La Colombi\u00e8re du Ch\u00e2teau\",\"publisher\":{\"@id\":\"https:\\\/\\\/www.lacolombiereduchateau.com\\\/#organization\"},\"potentialAction\":[{\"@type\":\"SearchAction\",\"target\":{\"@type\":\"EntryPoint\",\"urlTemplate\":\"https:\\\/\\\/www.lacolombiereduchateau.com\\\/?s={search_term_string}\"},\"query-input\":{\"@type\":\"PropertyValueSpecification\",\"valueRequired\":true,\"valueName\":\"search_term_string\"}}],\"inLanguage\":\"de\"},{\"@type\":\"Organization\",\"@id\":\"https:\\\/\\\/www.lacolombiereduchateau.com\\\/#organization\",\"name\":\"La Colombi\u00e8re du Chateau\",\"url\":\"https:\\\/\\\/www.lacolombiereduchateau.com\\\/\",\"logo\":{\"@type\":\"ImageObject\",\"inLanguage\":\"de\",\"@id\":\"https:\\\/\\\/www.lacolombiereduchateau.com\\\/#\\\/schema\\\/logo\\\/image\\\/\",\"url\":\"https:\\\/\\\/www.lacolombiereduchateau.com\\\/wp-content\\\/uploads\\\/2021\\\/01\\\/Original.png\",\"contentUrl\":\"https:\\\/\\\/www.lacolombiereduchateau.com\\\/wp-content\\\/uploads\\\/2021\\\/01\\\/Original.png\",\"width\":7500,\"height\":7500,\"caption\":\"La Colombi\u00e8re du Chateau\"},\"image\":{\"@id\":\"https:\\\/\\\/www.lacolombiereduchateau.com\\\/#\\\/schema\\\/logo\\\/image\\\/\"},\"sameAs\":[\"https:\\\/\\\/www.facebook.com\\\/Lacolombiereduchateau\",\"https:\\\/\\\/www.instagram.com\\\/lacolombiereduchateau\\\/\"]}]}<\/script>\n<!-- \/ Yoast SEO plugin. -->","yoast_head_json":{"title":"La Colombiere du Chateau - Urlaub in der Provence","description":"La Colombi\u00e8re du Ch\u00e2teau ist ein abgelegenes und l\u00e4ndliches B&B, das wahre Ruhe und Entspannung bietet. Es liegt ideal, nur 40 Minuten von der A51 und Manosque entfernt und ist leicht zu erreichen.","robots":{"index":"index","follow":"follow","max-snippet":"max-snippet:-1","max-image-preview":"max-image-preview:large","max-video-preview":"max-video-preview:-1"},"canonical":"https:\/\/www.lacolombiereduchateau.com\/de\/about\/","og_locale":"de_DE","og_type":"article","og_title":"La Colombiere du Chateau - Urlaub in der Provence","og_description":"La Colombi\u00e8re du Ch\u00e2teau ist ein abgelegenes und l\u00e4ndliches B&B, das wahre Ruhe und Entspannung bietet. Es liegt ideal, nur 40 Minuten von der A51 und Manosque entfernt und ist leicht zu erreichen.","og_url":"https:\/\/www.lacolombiereduchateau.com\/de\/about\/","og_site_name":"La Colombi\u00e8re du Ch\u00e2teau","article_publisher":"https:\/\/www.facebook.com\/Lacolombiereduchateau","article_modified_time":"2024-03-03T12:29:04+00:00","og_image":[{"width":1600,"height":900,"url":"https:\/\/www.lacolombiereduchateau.com\/wp-content\/uploads\/2021\/01\/la-colombiere-107.jpeg","type":"image\/jpeg"}],"twitter_card":"summary_large_image","twitter_misc":{"Gesch\u00e4tzte Lesezeit":"4\u00a0Minuten"},"schema":{"@context":"https:\/\/schema.org","@graph":[{"@type":"WebPage","@id":"https:\/\/www.lacolombiereduchateau.com\/de\/about\/","url":"https:\/\/www.lacolombiereduchateau.com\/de\/about\/","name":"La Colombiere du Chateau - Urlaub in der Provence","isPartOf":{"@id":"https:\/\/www.lacolombiereduchateau.com\/#website"},"primaryImageOfPage":{"@id":"https:\/\/www.lacolombiereduchateau.com\/de\/about\/#primaryimage"},"image":{"@id":"https:\/\/www.lacolombiereduchateau.com\/de\/about\/#primaryimage"},"thumbnailUrl":"https:\/\/www.lacolombiereduchateau.com\/wp-content\/uploads\/2021\/01\/la-colombiere-107.jpeg","datePublished":"2020-01-24T12:36:07+00:00","dateModified":"2024-03-03T12:29:04+00:00","description":"La Colombi\u00e8re du Ch\u00e2teau ist ein abgelegenes und l\u00e4ndliches B&B, das wahre Ruhe und Entspannung bietet. Es liegt ideal, nur 40 Minuten von der A51 und Manosque entfernt und ist leicht zu erreichen.","breadcrumb":{"@id":"https:\/\/www.lacolombiereduchateau.com\/de\/about\/#breadcrumb"},"inLanguage":"de","potentialAction":[{"@type":"ReadAction","target":["https:\/\/www.lacolombiereduchateau.com\/de\/about\/"]}]},{"@type":"ImageObject","inLanguage":"de","@id":"https:\/\/www.lacolombiereduchateau.com\/de\/about\/#primaryimage","url":"https:\/\/www.lacolombiereduchateau.com\/wp-content\/uploads\/2021\/01\/la-colombiere-107.jpeg","contentUrl":"https:\/\/www.lacolombiereduchateau.com\/wp-content\/uploads\/2021\/01\/la-colombiere-107.jpeg","width":1600,"height":900,"caption":"La Colombiere du Chateau"},{"@type":"BreadcrumbList","@id":"https:\/\/www.lacolombiereduchateau.com\/de\/about\/#breadcrumb","itemListElement":[{"@type":"ListItem","position":1,"name":"Home","item":"https:\/\/www.lacolombiereduchateau.com\/de\/"},{"@type":"ListItem","position":2,"name":"About"}]},{"@type":"WebSite","@id":"https:\/\/www.lacolombiereduchateau.com\/#website","url":"https:\/\/www.lacolombiereduchateau.com\/","name":"lacolombiereduchateau.com","description":"La Colombi\u00e8re du Ch\u00e2teau","publisher":{"@id":"https:\/\/www.lacolombiereduchateau.com\/#organization"},"potentialAction":[{"@type":"SearchAction","target":{"@type":"EntryPoint","urlTemplate":"https:\/\/www.lacolombiereduchateau.com\/?s={search_term_string}"},"query-input":{"@type":"PropertyValueSpecification","valueRequired":true,"valueName":"search_term_string"}}],"inLanguage":"de"},{"@type":"Organization","@id":"https:\/\/www.lacolombiereduchateau.com\/#organization","name":"La Colombi\u00e8re du Chateau","url":"https:\/\/www.lacolombiereduchateau.com\/","logo":{"@type":"ImageObject","inLanguage":"de","@id":"https:\/\/www.lacolombiereduchateau.com\/#\/schema\/logo\/image\/","url":"https:\/\/www.lacolombiereduchateau.com\/wp-content\/uploads\/2021\/01\/Original.png","contentUrl":"https:\/\/www.lacolombiereduchateau.com\/wp-content\/uploads\/2021\/01\/Original.png","width":7500,"height":7500,"caption":"La Colombi\u00e8re du Chateau"},"image":{"@id":"https:\/\/www.lacolombiereduchateau.com\/#\/schema\/logo\/image\/"},"sameAs":["https:\/\/www.facebook.com\/Lacolombiereduchateau","https:\/\/www.instagram.com\/lacolombiereduchateau\/"]}]}},"_links":{"self":[{"href":"https:\/\/www.lacolombiereduchateau.com\/de\/wp-json\/wp\/v2\/pages\/3339","targetHints":{"allow":["GET"]}}],"collection":[{"href":"https:\/\/www.lacolombiereduchateau.com\/de\/wp-json\/wp\/v2\/pages"}],"about":[{"href":"https:\/\/www.lacolombiereduchateau.com\/de\/wp-json\/wp\/v2\/types\/page"}],"author":[{"embeddable":true,"href":"https:\/\/www.lacolombiereduchateau.com\/de\/wp-json\/wp\/v2\/users\/8"}],"replies":[{"embeddable":true,"href":"https:\/\/www.lacolombiereduchateau.com\/de\/wp-json\/wp\/v2\/comments?post=3339"}],"version-history":[{"count":25,"href":"https:\/\/www.lacolombiereduchateau.com\/de\/wp-json\/wp\/v2\/pages\/3339\/revisions"}],"predecessor-version":[{"id":5441,"href":"https:\/\/www.lacolombiereduchateau.com\/de\/wp-json\/wp\/v2\/pages\/3339\/revisions\/5441"}],"wp:featuredmedia":[{"embeddable":true,"href":"https:\/\/www.lacolombiereduchateau.com\/de\/wp-json\/wp\/v2\/media\/1691"}],"wp:attachment":[{"href":"https:\/\/www.lacolombiereduchateau.com\/de\/wp-json\/wp\/v2\/media?parent=3339"}],"curies":[{"name":"wp","href":"https:\/\/api.w.org\/{rel}","templated":true}]}}